
{"id":105,"date":"2017-10-18T11:47:04","date_gmt":"2017-10-18T09:47:04","guid":{"rendered":"https:\/\/przedszkole49.edu.wroclaw.pl\/?page_id=105"},"modified":"2026-04-24T10:58:04","modified_gmt":"2026-04-24T08:58:04","slug":"aktualnosci","status":"publish","type":"page","link":"https:\/\/przedszkole49.edu.wroclaw.pl\/index.php\/aktualnosci\/","title":{"rendered":"Aktualno\u015bci"},"content":{"rendered":"<div class=\"wpb-content-wrapper\"><p>[vc_row][vc_column][vc_masonry_grid post_type=&#8221;post&#8221; max_items=&#8221;-1&#8243; style=&#8221;lazy&#8221; grid_id=&#8221;vc_gid:1777020870354-0eaad3f0-0a32-7&#8243; taxonomies=&#8221;4&#8243;][\/vc_column][\/vc_row][vc_row][vc_column][vc_zigzag color=&#8221;chino&#8221; el_border_width=&#8221;15&#8243;][vc_column_text css=&#8221;&#8221;]<\/p>\n<p style=\"text-align: center\"><span style=\"color: #ff0000\"><strong><span style=\"font-size: 36pt\">Wellbefi &#8211; Live Sesja dla rodzic\u00f3w: 28.04.2026<\/span><\/strong><\/span><\/p>\n<p style=\"text-align: center\"><span style=\"font-size: 18pt\">Ka\u017cdy rodzic chce, aby jego dziecko by\u0142o szcz\u0119\u015bliwe. Ale czy ka\u017cdy wie, co robi\u0107, aby dobrze czu\u0142o si\u0119 same ze sob\u0105 i po prostu lubi\u0142o siebie? Zapraszamy na kolejn\u0105 Live Sesj\u0119 w ramach projektu Wellbefi Zdalny Psycholog, podczas kt\u00f3rej porozmawiamy o budowaniu poczucia w\u0142asnej warto\u015bci u dziecka.<\/span><\/p>\n<p style=\"text-align: center\"><span style=\"font-size: 18pt\"><strong>Data i temat spotkania:<\/strong><\/span><br \/>\n<span style=\"font-size: 18pt\"><span style=\"text-decoration: underline\">Wtorek, 28.04.2026, godz. 17:00<\/span> &#8211; <em>Jak budowa\u0107 zdrowe poczucie w\u0142asnej warto\u015bci u dziecka.<\/em><\/span><br \/>\n<span style=\"font-size: 18pt\">Jak wa\u017cne jest poczucie w\u0142asnej warto\u015bci w rozwijaniu si\u0119 i radzeniu sobie w \u017cyciu. Najcz\u0119stsze b\u0142\u0119dy pope\u0142niane w stawianiu oczekiwa\u0144 wobec w\u0142asnych dzieci. Trzy podstawowe czynniki budowania zdrowej samooceny.<\/span><\/p>\n<p style=\"text-align: center\"><span style=\"font-size: 18pt\">A wieczorem zapraszamy do wys\u0142uchania bajki terapeutycznej! Codziennie (pon.-pt.) o godz. 13:00 i o 19:00 czytamy przedszkolakom na \u017cywo bajki, dzi\u0119ki kt\u00f3rym dzieci poznaj\u0105 razem z sympatycznymi bohaterami r\u00f3\u017cne emocje i sytuacje \u017cyciowe.<\/span><\/p>\n<p style=\"text-align: center\"><span style=\"font-size: 18pt\">Jak do\u0142\u0105czy\u0107 do sesji lub pos\u0142ucha\u0107 bajki? To proste! Wystarczy klikn\u0105\u0107 wid\u017cet projektu Wellbefi Zdalny Psycholog na stronie internetowej przedszkola. Transmisja rozpocznie si\u0119 automatycznie o wskazanej godzinie. Do zobaczenia!<\/span><\/p>\n<p>[\/vc_column_text][\/vc_column][\/vc_row][vc_row][vc_column][vc_zigzag color=&#8221;chino&#8221; el_border_width=&#8221;15&#8243;][vc_column_text css=&#8221;&#8221;]<\/p>\n<p style=\"text-align: center\"><span style=\"color: #ff0000\"><strong><span style=\"font-size: 36pt\">Festiwal Ta\u0144cz\u0105cych Przedszkolak\u00f3w<\/span><\/strong><\/span><\/p>\n<p style=\"text-align: center\"><span style=\"font-size: 18pt\"><img loading=\"lazy\" decoding=\"async\" class=\"wp-image-10465 aligncenter\" src=\"https:\/\/przedszkole49.edu.wroclaw.pl\/wp-content\/uploads\/sites\/33\/2026\/04\/tanczace-przedszkolaki-2026-dyplom-728x1024.jpg\" alt=\"\" width=\"400\" height=\"563\" srcset=\"https:\/\/przedszkole49.edu.wroclaw.pl\/wp-content\/uploads\/sites\/33\/2026\/04\/tanczace-przedszkolaki-2026-dyplom-728x1024.jpg 728w, https:\/\/przedszkole49.edu.wroclaw.pl\/wp-content\/uploads\/sites\/33\/2026\/04\/tanczace-przedszkolaki-2026-dyplom.jpg 737w\" sizes=\"auto, (max-width: 400px) 100vw, 400px\" \/>Dzieci z Grupy 4 i 6 wzi\u0119\u0142y udzia\u0142 w XXIII Wroc\u0142awskim Festiwalu Ta\u0144cz\u0105cych Przedszkolak\u00f3w, gdzie zaprezentowa\u0142y uk\u0142ad taneczny do filmu &#8222;Piraci z Karaib\u00f3w&#8221; oraz &#8222;Lenie z Grupy 6&#8221; do utworu &#8222;Le\u0144&#8221; z Akademii Pana Kleksa.<\/span><\/p>\n<p style=\"text-align: center\"><span style=\"font-size: 18pt\">Jeste\u015bmy z Was dumni!<\/span><\/p>\n<p>[\/vc_column_text][\/vc_column][\/vc_row][vc_row][vc_column][vc_zigzag color=&#8221;chino&#8221; el_border_width=&#8221;15&#8243;][vc_column_text css=&#8221;&#8221;]<\/p>\n<p style=\"text-align: center\"><span style=\"color: #ff0000\"><strong><span style=\"font-size: 36pt\">Plac zabaw<\/span><\/strong><\/span><\/p>\n<p style=\"text-align: center\"><span style=\"font-size: 18pt\">W czwartek (16.04.2026) wr\u00f3ci\u0142 do nas zmodernizowany i od\u015bwie\u017cony domek z kt\u00f3rego dzieci bardzo si\u0119 ucieszy\u0142y i ch\u0119tnie z niego korzystaj\u0105 \ud83d\ude42<\/span><\/p>\n<p style=\"text-align: center\"><span style=\"font-size: 18pt\">W ogrodzie pojawi\u0142y si\u0119 r\u00f3wnie\u017c dwie nowe \u0142awki, regulaminy oraz os\u0142ona przeciws\u0142oneczna, kt\u00f3ra zostanie wkr\u00f3tce zamontowana nad fabryk\u0105 piasku.<\/span><\/p>\n<p style=\"text-align: center\"><strong><span style=\"font-size: 18pt\">Jednocze\u015bnie przypominamy o niekorzystaniu z placu zabaw po odbiorze dzieci z przedszkola i <span style=\"text-decoration: underline\">dzi\u0119kujemy<\/span> za uszanowanie decyzji Dyrektora oraz pracownik\u00f3w przedszkola.<\/span><\/strong><\/p>\n<p>[\/vc_column_text][vc_gallery type=&#8221;image_grid&#8221; images=&#8221;10451,10452,10453,10454,10455,10456,10457,10458&#8243; img_size=&#8221;100&#215;100&#8243; css=&#8221;&#8221;][\/vc_column][\/vc_row][vc_row][vc_column][vc_zigzag color=&#8221;chino&#8221; el_border_width=&#8221;15&#8243;][vc_column_text css=&#8221;&#8221;]<\/p>\n<p style=\"text-align: center\"><span style=\"color: #ff0000\"><strong><span style=\"font-size: 36pt\">Konkurs<\/span><\/strong><\/span><\/p>\n<p style=\"text-align: center\"><span style=\"font-size: 18pt\"><strong><img loading=\"lazy\" decoding=\"async\" class=\"alignnone size-medium wp-image-10445\" src=\"https:\/\/przedszkole49.edu.wroclaw.pl\/wp-content\/uploads\/sites\/33\/2026\/04\/konkurs-kulinarny-2026-1024x724.jpg\" alt=\"\" width=\"1024\" height=\"724\" srcset=\"https:\/\/przedszkole49.edu.wroclaw.pl\/wp-content\/uploads\/sites\/33\/2026\/04\/konkurs-kulinarny-2026-1024x724.jpg 1024w, https:\/\/przedszkole49.edu.wroclaw.pl\/wp-content\/uploads\/sites\/33\/2026\/04\/konkurs-kulinarny-2026-768x543.jpg 768w, https:\/\/przedszkole49.edu.wroclaw.pl\/wp-content\/uploads\/sites\/33\/2026\/04\/konkurs-kulinarny-2026-1536x1086.jpg 1536w, https:\/\/przedszkole49.edu.wroclaw.pl\/wp-content\/uploads\/sites\/33\/2026\/04\/konkurs-kulinarny-2026-2048x1448.jpg 2048w\" sizes=\"auto, (max-width: 1024px) 100vw, 1024px\" \/><\/strong><\/span><\/p>\n<p>[\/vc_column_text][\/vc_column][\/vc_row][vc_row][vc_column][vc_zigzag color=&#8221;chino&#8221; el_border_width=&#8221;15&#8243;][vc_column_text css=&#8221;&#8221;]<\/p>\n<p style=\"text-align: center\"><span style=\"color: #ff0000\"><strong><span style=\"font-size: 36pt\">Warsztaty edukacyjne<\/span><\/strong><\/span><\/p>\n<p style=\"text-align: center\"><span style=\"font-size: 18pt\">Serdecznie dzi\u0119kujemy Radzie Rodzic\u00f3w za zorganizowanie dla nas warsztat\u00f3w: &#8222;Sublimujemy suchy l\u00f3d&#8221;, by\u0142o fantastycznie \ud83d\ude00<\/span><\/p>\n<p>[\/vc_column_text][vc_gallery type=&#8221;image_grid&#8221; images=&#8221;10439,10438,10437,10436,10435,10434,10433,10432,10431,10430,10429,10428&#8243; img_size=&#8221;100&#215;100&#8243; css=&#8221;&#8221;][\/vc_column][\/vc_row][vc_row][vc_column][vc_zigzag color=&#8221;chino&#8221; el_border_width=&#8221;15&#8243;][vc_column_text css=&#8221;&#8221;]<\/p>\n<p style=\"text-align: center\"><span style=\"color: #ff0000\"><strong><span style=\"font-size: 36pt\">Rowerowy Maj &#8211; od 10 lat we Wroc\u0142awiu<\/span><\/strong><\/span><\/p>\n<p style=\"text-align: center\"><span style=\"font-size: 18pt\"><strong>Rowerowy Maj<\/strong> to najwi\u0119ksza kampania w Polsce promuj\u0105ca <strong>aktywn\u0105 mobilno\u015b\u0107<\/strong>, czyli przemieszczanie si\u0119 na rowerze, hulajnodze, rolkach, wrotkach i deskorolce w\u015br\u00f3d przedszkolak\u00f3w oraz uczni\u00f3w szk\u00f3\u0142 podstawowych. Zrodzi\u0142a si\u0119 w 2014 w Gda\u0144sku, a od 2016 roku do kampanii przy\u0142\u0105czy\u0142 si\u0119 Wroc\u0142aw. <\/span><\/p>\n<p><img loading=\"lazy\" decoding=\"async\" class=\"size-full wp-image-10426 aligncenter\" src=\"https:\/\/przedszkole49.edu.wroclaw.pl\/wp-content\/uploads\/sites\/33\/2026\/04\/RM-2026-wykres.jpg\" alt=\"\" width=\"630\" height=\"356\" \/><\/p>\n<p style=\"text-align: center\"><span style=\"text-decoration: underline\"><span style=\"font-size: 18pt\">Poprzez kampani\u0119:<\/span><\/span><br \/>\n<span style=\"font-size: 18pt\">\u2212 wp\u0142ywamy na kszta\u0142towanie pozytywnych nawyk\u00f3w transportowych,<\/span><br \/>\n<span style=\"font-size: 18pt\">\u2212 promujemy zdrowy styl \u017cycia,<\/span><br \/>\n<span style=\"font-size: 18pt\">\u2212 wspieramy samodzielno\u015b\u0107 dzieci,<\/span><br \/>\n<span style=\"font-size: 18pt\">\u2212 poprawiamy bezpiecze\u0144stwo komunikacyjne przy przedszkolach i szko\u0142ach,<\/span><br \/>\n<span style=\"font-size: 18pt\">\u2212 dbamy o \u015brodowisko.<\/span><\/p>\n<p style=\"text-align: center\"><span style=\"font-size: 18pt\">Serdecznie zapraszamy dzieci oraz pracownik\u00f3w naszej plac\u00f3wki do aktywnego uczestnictwa w akcji, kt\u00f3ra b\u0119dzie trwa\u0107 <strong>od 4 do 29 maja 2026 r. <\/strong><\/span><br \/>\n<span style=\"font-size: 18pt\">Wi\u0119cej informacji o akcji znajduje si\u0119 na stronach internetowych: <a href=\"https:\/\/rowerowymaj.eu\/\">https:\/\/rowerowymaj.eu\/<\/a> i <a href=\"https:\/\/www.wroclaw.pl\/komunikacja\/rowerowy-maj\">https:\/\/www.wroclaw.pl\/komunikacja\/rowerowy-maj<\/a><\/span><\/p>\n<p>[\/vc_column_text][\/vc_column][\/vc_row][vc_row][vc_column][vc_zigzag color=&#8221;chino&#8221; el_border_width=&#8221;15&#8243;][vc_column_text css=&#8221;&#8221;]<\/p>\n<p style=\"text-align: center\"><span style=\"color: #ff0000\"><strong><span style=\"font-size: 36pt\">J\u0119zyk angielski<\/span><\/strong><\/span><\/p>\n<p><img loading=\"lazy\" decoding=\"async\" class=\"size-full wp-image-10419 aligncenter\" src=\"https:\/\/przedszkole49.edu.wroclaw.pl\/wp-content\/uploads\/sites\/33\/2026\/04\/j.angielski-kwiecien-2026.jpg\" alt=\"\" width=\"967\" height=\"624\" srcset=\"https:\/\/przedszkole49.edu.wroclaw.pl\/wp-content\/uploads\/sites\/33\/2026\/04\/j.angielski-kwiecien-2026.jpg 967w, https:\/\/przedszkole49.edu.wroclaw.pl\/wp-content\/uploads\/sites\/33\/2026\/04\/j.angielski-kwiecien-2026-768x496.jpg 768w\" sizes=\"auto, (max-width: 967px) 100vw, 967px\" \/>[\/vc_column_text][\/vc_column][\/vc_row][vc_row][vc_column][vc_zigzag color=&#8221;chino&#8221; el_border_width=&#8221;15&#8243;][vc_column_text css=&#8221;&#8221;]<\/p>\n<p style=\"text-align: center\"><span style=\"color: #ff0000\"><strong><span style=\"font-size: 36pt\">Edukacja w ruchu<\/span><\/strong><\/span><\/p>\n<p style=\"text-align: center\"><span style=\"font-size: 18pt\">Zastanawiali\u015bcie si\u0119 kiedy\u015b, jakie d\u017awi\u0119ki mo\u017cna us\u0142ysze\u0107 na mokrad\u0142ach? \ud83c\udf3f\ud83e\udd86<\/span><br \/>\n<span style=\"font-size: 18pt\">My ju\u017c wiemy \u2013 dzi\u0119ki udzia\u0142owi w projekcie \u201eEdukacja w ruchu\u201d! \ud83e\udd29<\/span><br \/>\n<span style=\"font-size: 18pt\">Podczas zaj\u0119\u0107 dzieci przenios\u0142y si\u0119 w niezwyk\u0142y \u015bwiat przyrody, gdzie ws\u0142uchiwa\u0142y si\u0119 w odg\u0142osy zwierz\u0105t i pr\u00f3bowa\u0142y odgadn\u0105\u0107, kto je wydaje. By\u0142o du\u017co skupienia, \u015bmiechu i \u015bwietnej zabawy \ud83c\udfa7\ud83d\udc38<\/span><br \/>\n<span style=\"font-size: 18pt\">Nie zabrak\u0142o te\u017c ruchu \u2013 dzieci \u0107wiczy\u0142y koncentracj\u0119 i spostrzegawczo\u015b\u0107, podejmuj\u0105c wyzwania inspirowane \u015bwiatem mokrade\u0142 \ud83d\udcaa\ud83c\udf31<\/span><br \/>\n<span style=\"font-size: 18pt\">Kolejny raz przekonali\u015bmy si\u0119, \u017ce nauka przez ruch naprawd\u0119 dzia\u0142a i mo\u017ce by\u0107 \u015bwietn\u0105 przygod\u0105! \ud83d\ude0a<\/span><\/p>\n<p style=\"text-align: center\"><span style=\"font-size: 18pt\">#edukacjawruchu #edukacjawruchuWroclaw #PhysicallyActiveLearning #moveforfun #moveforfunpoland<\/span><\/p>\n<p style=\"text-align: center\"><span style=\"font-size: 18pt\">@FundacjaV4Sport <\/span><span style=\"font-size: 18pt\">@Akademia Wychowania Fizycznego we Wroc\u0142awiu <\/span><span style=\"font-size: 18pt\">@AkademiaKrokietaiLamy <\/span><span style=\"font-size: 18pt\">@wroclaw.wroclove<\/span><\/p>\n<p style=\"text-align: center\"><span style=\"text-decoration: underline\"><span style=\"font-size: 18pt\">Promocja materia\u0142\u00f3w dodatkowych AKiL<\/span><\/span><br \/>\n<span style=\"font-size: 18pt\">Wielkanoc to idealny czas na dodatkow\u0105 aktywno\u015b\u0107! \ud83d\udc23\ud83d\udc9b<\/span><br \/>\n<span style=\"font-size: 18pt\">W tym miesi\u0105cu, w ramach projektu \u201eEdukacja w ruchu\u201d, skorzystali\u015bmy z materia\u0142\u00f3w Akademii Krokieta i Lamy i zrobili\u015bmy wielkanocn\u0105 powt\u00f3rk\u0119 w ruchu! \ud83e\udd38\u200d\u2640\ufe0f<\/span><br \/>\n<span style=\"font-size: 18pt\">By\u0142o du\u017co energii, \u015bmiechu i nauki przez dzia\u0142anie \u2013 dok\u0142adnie tak, jak lubimy najbardziej \ud83d\udcaa\ud83d\ude0a<\/span><br \/>\n<span style=\"font-size: 18pt\">Dzieci utrwala\u0142y wiedz\u0119 w aktywny spos\u00f3b, \u0142\u0105cz\u0105c ruch z zadaniami i \u015bwietn\u0105 zabaw\u0105.<\/span><br \/>\n<span style=\"font-size: 18pt\">Takie powt\u00f3rki to sama przyjemno\u015b\u0107! \ud83c\udf37<\/span><\/p>\n<p style=\"text-align: center\"><span style=\"font-size: 18pt\">#edukacjawruchu #edukacjawruchuWroclaw #PhysicallyActiveLearning #moveforfun #moveforfunpoland<\/span><\/p>\n<p style=\"text-align: center\"><span style=\"font-size: 18pt\">@FundacjaV4Sport <\/span><span style=\"font-size: 18pt\">@Akademia Wychowania Fizycznego we Wroc\u0142awiu <\/span><span style=\"font-size: 18pt\">@AkademiaKrokietaiLamy <\/span><span style=\"font-size: 18pt\">@wroclaw.wroclove<\/span><\/p>\n<p>[\/vc_column_text][\/vc_column][\/vc_row][vc_row][vc_column][vc_zigzag color=&#8221;chino&#8221; el_border_width=&#8221;15&#8243;][vc_column_text css=&#8221;&#8221;]<\/p>\n<p style=\"text-align: center\"><span style=\"color: #ff0000\"><strong><span style=\"font-size: 36pt\">&#8222;W marcu jak w garncu&#8221; &#8211; rozwi\u0105zanie konkursu<\/span><\/strong><\/span><\/p>\n<p style=\"text-align: center\"><span style=\"font-size: 18pt\">Z przyjemno\u015bci\u0105 og\u0142aszamy wyniki konkursu plastycznego pt. \u201e<em>W marcu jak w garncu<\/em>\u201d.<\/span><\/p>\n<p style=\"text-align: center\"><span style=\"font-size: 18pt\">Konkurs cieszy\u0142 si\u0119 du\u017cym zainteresowaniem, a wszystkie nades\u0142ane prace wyr\u00f3\u017cnia\u0142y si\u0119 pomys\u0142owo\u015bci\u0105, kreatywno\u015bci\u0105 oraz staranno\u015bci\u0105 wykonania. Serdecznie dzi\u0119kujemy wszystkim dzieciom za udzia\u0142.<\/span><\/p>\n<p style=\"text-align: center\"><strong><span style=\"font-size: 18pt\">Grupa wiekowa 3\u20134 lata<\/span><\/strong><br \/>\n<span style=\"font-size: 18pt\">\ud83e\udd47 I miejsce: Aniela Tarnawska<\/span><br \/>\n<span style=\"font-size: 18pt\">\ud83e\udd48 II miejsce: Iga Stasiak<\/span><br \/>\n<span style=\"font-size: 18pt\">\ud83e\udd49 III miejsce: Tymon Zieli\u0144ski<\/span><\/p>\n<p style=\"text-align: center\"><strong><span style=\"font-size: 18pt\">Grupa wiekowa 5\u20136 lat<\/span><\/strong><br \/>\n<span style=\"font-size: 18pt\">\ud83e\udd47 I miejsce: Bruno Fere\u0144czuk<\/span><br \/>\n<span style=\"font-size: 18pt\">\ud83e\udd48 II miejsce: Pola Zaj\u0105c<\/span><br \/>\n<span style=\"font-size: 18pt\">\ud83e\udd49 III miejsce: Anna Sulka <\/span><\/p>\n<p style=\"text-align: center\"><strong><span style=\"font-size: 18pt\">Informacja organizacyjna:<\/span><\/strong><br \/>\n<span style=\"text-decoration: underline\"><span style=\"font-size: 18pt\">Nagrody mo\u017cna odebra\u0107 do dnia 03.04.2026 r. w P<\/span><span style=\"font-size: 18pt\">rzedszkolu nr 49 im. Tysi\u0105clecia Miasta Wroc\u0142awia.<\/span><\/span><\/p>\n<p style=\"text-align: center\"><span style=\"font-size: 18pt\">Dyplomy dla pozosta\u0142ych uczestnik\u00f3w zostan\u0105 przes\u0142ane na adres e-mail podany w zg\u0142oszeniu.<\/span><\/p>\n<p style=\"text-align: center\"><span style=\"font-size: 18pt\">Gratulujemy wszystkim uczestnikom oraz \u017cyczymy dalszych sukces\u00f3w i rozwijania talent\u00f3w plastycznych.<\/span><\/p>\n<p style=\"text-align: right\"><span style=\"font-size: 18pt\">Organizatorzy:<\/span><br \/>\n<span style=\"font-size: 18pt\">Marta Kulawiak<\/span><br \/>\n<span style=\"font-size: 18pt\">Katarzyna Ponarska<\/span><\/p>\n<p style=\"text-align: right\"><span style=\"font-size: 18pt\">Dyrekcja:<\/span><br \/>\n<span style=\"font-size: 18pt\">Anna Cebulska<\/span><br \/>\n<span style=\"font-size: 18pt\">\ud83d\udccd Wroc\u0142aw<\/span><br \/>\n<span style=\"font-size: 18pt\">\ud83d\udcc5 25.03.2026<\/span><\/p>\n<p>[\/vc_column_text][vc_gallery type=&#8221;image_grid&#8221; images=&#8221;10369,10370,10371,10372,10373,10374&#8243; img_size=&#8221;100&#215;100&#8243; css=&#8221;&#8221;][\/vc_column][\/vc_row][vc_row][vc_column][vc_zigzag color=&#8221;chino&#8221; el_border_width=&#8221;15&#8243;][vc_column_text css=&#8221;&#8221;]<\/p>\n<p style=\"text-align: center\"><span style=\"color: #ff0000\"><strong><span style=\"font-size: 36pt\">Dzie\u0144 Wiosny<\/span><\/strong><\/span><\/p>\n<div>\n<p style=\"text-align: center\"><span style=\"font-size: 18pt\">Wsp\u00f3lnie przywo\u0142ali\u015bmy Pani\u0105 Wiosn\u0119 oraz posadzili\u015bmy nowe ro\u015bliny w naszym ogrodzie \ud83d\ude42<\/span><\/p>\n<\/div>\n<p>[\/vc_column_text][vc_gallery type=&#8221;image_grid&#8221; images=&#8221;10342,10343,10344,10345,10347,10357,10356&#8243; img_size=&#8221;100&#215;100&#8243; css=&#8221;&#8221;][\/vc_column][\/vc_row][vc_row][vc_column][vc_zigzag color=&#8221;chino&#8221; el_border_width=&#8221;15&#8243;][vc_column_text css=&#8221;&#8221;]<\/p>\n<p style=\"text-align: center\"><span style=\"color: #ff0000\"><strong><span style=\"font-size: 36pt\">Edukacja w Ruchu<\/span><\/strong><\/span><\/p>\n<div>\n<p style=\"text-align: center\"><span style=\"font-size: 18pt\">Mi\u0142o nam poinformowa\u0107, \u017ce jako jedno z niewielu przedszkoli we Wroc\u0142awiu, zostali\u015bmy wyr\u00f3\u017cnieni certyfikatem Fundacji V4Sport za realizacj\u0119 projektu edukacyjnego &#8222;Edukacja w Ruchu&#8221;.<\/span><\/p>\n<p><img loading=\"lazy\" decoding=\"async\" class=\"size-medium wp-image-10341 aligncenter\" src=\"https:\/\/przedszkole49.edu.wroclaw.pl\/wp-content\/uploads\/sites\/33\/2026\/03\/dyplom-1024x725.jpg\" alt=\"\" width=\"1024\" height=\"725\" srcset=\"https:\/\/przedszkole49.edu.wroclaw.pl\/wp-content\/uploads\/sites\/33\/2026\/03\/dyplom-1024x725.jpg 1024w, https:\/\/przedszkole49.edu.wroclaw.pl\/wp-content\/uploads\/sites\/33\/2026\/03\/dyplom-768x544.jpg 768w, https:\/\/przedszkole49.edu.wroclaw.pl\/wp-content\/uploads\/sites\/33\/2026\/03\/dyplom-1536x1088.jpg 1536w, https:\/\/przedszkole49.edu.wroclaw.pl\/wp-content\/uploads\/sites\/33\/2026\/03\/dyplom-rotated.jpg 1737w\" sizes=\"auto, (max-width: 1024px) 100vw, 1024px\" \/><\/p>\n<\/div>\n<p>[\/vc_column_text][\/vc_column][\/vc_row][vc_row][vc_column][vc_zigzag color=&#8221;chino&#8221; el_border_width=&#8221;15&#8243;][vc_column_text css=&#8221;&#8221;]<\/p>\n<p style=\"text-align: center\"><span style=\"color: #ff0000\"><strong><span style=\"font-size: 36pt\">Edukacja w Ruchu<\/span><\/strong><\/span><\/p>\n<p style=\"text-align: center\"><span style=\"font-size: 18pt\">W podskokach wkroczyli\u015bmy w kolejn\u0105 misj\u0119 w ramach projektu \u201eEdukacja w ruchu\u201d! \ud83e\udd38\u200d\u2640\ufe0f<\/span><\/p>\n<p style=\"text-align: center\"><span style=\"font-size: 18pt\">Tym razem przenie\u015bli\u015bmy si\u0119 na mokrad\u0142a, gdzie poznali\u015bmy now\u0105 bohaterk\u0119 naszych dzia\u0142a\u0144 \u2013 \u017cab\u0119 \ud83d\udc38. Nasza zielona przewodniczka zdradzi\u0142a nam kilka ciekawych sekret\u00f3w o sobie i swoich krewnych. Dowiedzieli\u015bmy si\u0119 m.in., \u017ce s\u0105 zagro\u017cone wygini\u0119ciem, maj\u0105 z\u0119by oraz dlaczego tak dobrze czuj\u0105 si\u0119 w\u015br\u00f3d wody, traw i trzcin. \ud83e\udd13<\/span><br \/>\n<span style=\"font-size: 18pt\">Nie zabrak\u0142o oczywi\u015bcie ruchu i dobrej zabawy. Wsp\u00f3lnie wykonywali\u015bmy zadania inspirowane \u015bwiatem mokrade\u0142, \u0107wiczyli\u015bmy spostrzegawczo\u015b\u0107 \ud83d\udc40, koncentracj\u0119 \ud83e\udde0 i wsp\u00f3\u0142prac\u0119 \ud83e\udd1d. Nauka po\u0142\u0105czona z ruchem kolejny raz okaza\u0142a si\u0119 \u015bwietn\u0105 przygod\u0105!<\/span><br \/>\n<span style=\"font-size: 18pt\">Czekamy ju\u017c na kolejne wyzwania w naszej mokrad\u0142owej misji! \ud83c\udf3f\ud83d\udca7<\/span><\/p>\n<p style=\"text-align: center\"><span style=\"font-size: 18pt\">#edukacjawruchu #edukacjawruchuWroclaw #PhysicallyActiveLearning #moveforfun #moveforfunpoland<\/span><\/p>\n<p style=\"text-align: center\"><span style=\"font-size: 18pt\">@FundacjaV4Sport<\/span><br \/>\n<span style=\"font-size: 18pt\">@Akademia Wychowania Fizycznego we Wroc\u0142awiu<\/span><br \/>\n<span style=\"font-size: 18pt\">@AkademiaKrokietaiLamy<\/span><br \/>\n<span style=\"font-size: 18pt\">@wroclaw.wroclove<\/span><\/p>\n<p>[\/vc_column_text][\/vc_column][\/vc_row][vc_row][vc_column][vc_zigzag color=&#8221;chino&#8221; el_border_width=&#8221;15&#8243;][vc_column_text css=&#8221;&#8221;]<\/p>\n<p style=\"text-align: center\"><span style=\"color: #ff0000\"><strong><span style=\"font-size: 36pt\">!!! UWAGA !!!<\/span><\/strong><\/span><\/p>\n<div>\n<p style=\"text-align: center\"><span style=\"font-size: 18pt\">Rodzice, kt\u00f3rzy nie podpisali w wyznaczonym terminie <strong>Woli Kontynuacji<\/strong> na rok szkolny 2026\/2027, a chc\u0105 nadal korzysta\u0107 z us\u0142ug naszego Przedszkola &#8211; <span style=\"color: #ff0000\">MUSZ\u0104 PONOWNIE PRZYST\u0104PI\u0106 DO ELEKTRONICZNEJ REKRUTACJI<\/span> \u21d2 <a href=\"https:\/\/rekrutacje.edu.wroclaw.pl\/switcher-public\/\">KLIK<\/a><\/span><\/p>\n<\/div>\n<p>[\/vc_column_text][\/vc_column][\/vc_row][vc_row][vc_column][vc_zigzag color=&#8221;chino&#8221; el_border_width=&#8221;15&#8243;][vc_column_text css=&#8221;&#8221;]<\/p>\n<p style=\"text-align: center\"><span style=\"color: #ff0000\"><strong><span style=\"font-size: 36pt\">Edukacja w ruchu<\/span><\/strong><\/span><\/p>\n<p style=\"text-align: center\"><span style=\"font-size: 18pt\">Po feriach wracamy do dzia\u0142ania! \ud83e\udd38<\/span><\/p>\n<p style=\"text-align: center\"><span style=\"font-size: 18pt\">W Krainie Lodu czeka\u0142o na nas kolejne wyzwanie w ramach projektu \u201eEdukacja w ruchu\u201d. Tym razem \u0107wiczyli\u015bmy koncentracj\u0119, pami\u0119\u0107 wzrokow\u0105 i\u2026 szacowanie. By\u0142o du\u017co ruchu, my\u015blenia w dzia\u0142aniu i dostrzegania szczeg\u00f3\u0142\u00f3w. \ud83e\udde0\u2728<\/span><\/p>\n<p style=\"text-align: center\"><span style=\"font-size: 18pt\">Bo \u201eEdukacja w ruchu\u201d to nauka poprzez dzia\u0142anie! \ud83e\udd38\u200d\u2640\ufe0f\ud83d\udcda<\/span><\/p>\n<p style=\"text-align: center\"><span style=\"font-size: 18pt\">A teraz pytanie do Was: czego jest wi\u0119cej &#8211; ziarenek piasku na pla\u017cy \ud83c\udfd6\ufe0f czy kropel wody w oceanie? \ud83c\udf0a\ud83e\udd14<\/span><\/p>\n<p style=\"text-align: center\"><span style=\"font-size: 18pt\">#edukacjawruchu #edukacjawruchuWroclaw #PhysicallyActiveLearning<\/span><\/p>\n<p style=\"text-align: center\"><span style=\"font-size: 18pt\"><strong>Promocja materia\u0142\u00f3w dodatkowych AKiL <\/strong><\/span><\/p>\n<p style=\"text-align: center\"><span style=\"font-size: 18pt\">Luty obfitowa\u0142 w nietypowe \u015bwi\u0119ta i jeszcze wi\u0119cej okazji do nauki w ruchu! \ud83d\udc3e\ud83e\udd95\u2728<\/span><\/p>\n<p style=\"text-align: center\"><span style=\"font-size: 18pt\">17 lutego \u015bwi\u0119towali\u015bmy Dzie\u0144 Kota, korzystaj\u0105c z materia\u0142\u00f3w Akademii Krokieta i Lamy. Sprawdzali\u015bmy swoj\u0105 wiedz\u0119 o kocich zwyczajach i wzi\u0119li\u015bmy udzia\u0142 w ruchowym quizie o kocich powiedzonkach. By\u0142o du\u017co \u015bmiechu i jeszcze wi\u0119cej energii. \ud83d\ude04\ud83d\udc31 Zastanawiali\u015bmy si\u0119 tak\u017ce, jakimi kotami byliby\u015bmy &#8211; domowymi obserwatorami czy odwa\u017cnymi odkrywcami. \ud83d\udc3e<\/span><\/p>\n<p style=\"text-align: center\"><span style=\"font-size: 18pt\">26 lutego przenie\u015bli\u015bmy si\u0119 do \u015bwiata prehistorycznych gigant\u00f3w, obchodz\u0105c Dzie\u0144 Dinozaura. \ud83e\udd96\ud83c\udf0b Poznawali\u015bmy ciekawostki, utrwalali\u015bmy wiedz\u0119, rozwi\u0105zywali\u015bmy quizy i podejmowali\u015bmy w\u0142asne decyzje w zadaniach z elementem wyboru. \ud83e\udde0\ud83d\udca1<\/span><\/p>\n<p style=\"text-align: center\"><span style=\"font-size: 18pt\">Dwa r\u00f3\u017cne tematy, jedna idea &#8211; uczymy si\u0119 poprzez dzia\u0142anie. \ud83e\udd38\u200d\u2640\ufe0f\ud83d\udcda Bo kiedy ruch spotyka ciekawo\u015b\u0107, powstaje lekcja, kt\u00f3r\u0105 naprawd\u0119 si\u0119 pami\u0119ta. \u2728<\/span><\/p>\n<p style=\"text-align: center\"><span style=\"font-size: 18pt\">#edukacjawruchu #edukacjawruchuWroclaw #PhysicallyActiveLearning<\/span><\/p>\n<p>[\/vc_column_text][\/vc_column][\/vc_row][vc_row][vc_column][vc_zigzag color=&#8221;chino&#8221; el_border_width=&#8221;15&#8243;][vc_column_text css=&#8221;&#8221;]<\/p>\n<p style=\"text-align: center\"><span style=\"color: #ff0000\"><strong><span style=\"font-size: 36pt\">Rekrutacja 2026\/2027<\/span><\/strong><\/span><\/p>\n<p style=\"text-align: center\"><span style=\"font-size: 18pt\">Rodzice, kt\u00f3rzy zdecyduj\u0105 si\u0119 <strong>nadal korzysta\u0107<\/strong> z us\u0142ug naszego Przedszkola w roku szkolnym 2026\/2027 proszeni s\u0105 o <strong>podpisanie i z\u0142o\u017cenie osobi\u015bcie<\/strong> w plac\u00f3wce <em>Deklaracji o kontynuowaniu wychowania przedszkolnego<\/em>.<\/span><\/p>\n<p style=\"text-align: center\"><span style=\"font-size: 18pt\">DEKLARACJ\u0118 PODPISUJEMY W TERMINIE: <span style=\"color: #ff0000\">06.03.2026 \u2013 11.03.2026 r.<\/span><\/span><\/p>\n<p style=\"text-align: center\"><span style=\"font-size: 18pt\">DOKUMENT DLA PA\u0143STWA B\u0118DZIE U NAUCZYCIELI GRUP<\/span><\/p>\n<p style=\"text-align: center\"><strong><span style=\"color: #ff0000\"><span style=\"font-size: 18pt\">Brak z\u0142o\u017conej deklaracji w wyznaczonym terminie \u015bwiadczy o rezygnacji <\/span><span style=\"font-size: 18pt\">z us\u0142ug naszego plac\u00f3wki, co skutkuje skre\u015bleniem z listy.<\/span><\/span><\/strong><\/p>\n<p><img loading=\"lazy\" decoding=\"async\" class=\"size-full wp-image-10272 aligncenter\" src=\"https:\/\/przedszkole49.edu.wroclaw.pl\/wp-content\/uploads\/sites\/33\/2026\/02\/rekrutacja-harmonogram-2026-2027.jpg\" alt=\"\" width=\"975\" height=\"583\" srcset=\"https:\/\/przedszkole49.edu.wroclaw.pl\/wp-content\/uploads\/sites\/33\/2026\/02\/rekrutacja-harmonogram-2026-2027.jpg 975w, https:\/\/przedszkole49.edu.wroclaw.pl\/wp-content\/uploads\/sites\/33\/2026\/02\/rekrutacja-harmonogram-2026-2027-768x459.jpg 768w\" sizes=\"auto, (max-width: 975px) 100vw, 975px\" \/>[\/vc_column_text][\/vc_column][\/vc_row][vc_row][vc_column][vc_zigzag color=&#8221;chino&#8221; el_border_width=&#8221;15&#8243;][vc_column_text css=&#8221;&#8221;]<\/p>\n<p style=\"text-align: center\"><span style=\"color: #ff0000\"><strong><span style=\"font-size: 36pt\">Edukacja w ruchu<\/span><\/strong><\/span><\/p>\n<p style=\"text-align: center\"><span style=\"font-size: 18pt\">Nowy Rok to nowa Misja w projekcie \u201eEdukacja w ruchu\u201d! \u2744\ufe0f<\/span><br \/>\n<span style=\"font-size: 18pt\">Tym razem przenie\u015bli\u015bmy si\u0119 do Krainy Lodu i ju\u017c od pierwszego wyzwania poczuli\u015bmy prawdziwie zimowy klimat! \ud83e\uddca\u26c4<\/span><br \/>\n<span style=\"font-size: 18pt\">Ba\u0142wany urz\u0105dzi\u0142y w mie\u015bcie prawdziw\u0105 \u015bnie\u017cn\u0105 bitw\u0119, a \u015bnieg przykry\u0142 wszystko dooko\u0142a. Z pomoc\u0105 sprytnej Wiewi\u00f3rki \ud83d\udc3f\ufe0f zabrali\u015bmy si\u0119 za odkrywanie miasta i jego mieszka\u0144c\u00f3w, przywracaj\u0105c im zimowy porz\u0105dek.<\/span><br \/>\n<span style=\"font-size: 18pt\">Troch\u0119 pozazdro\u015bcili\u015bmy \u015bnie\u017cnej aury, wi\u0119c nie mog\u0142o zabrakn\u0105\u0107 ruchu. \u0106wicz\u0105c refleks i koordynacj\u0119 ruchow\u0105, urz\u0105dzili\u015bmy w\u0142asn\u0105 \u015bnie\u017cn\u0105 bitw\u0119 \u2013 by\u0142o du\u017co \u015bmiechu i \u015bwietnej zabawy.<\/span><br \/>\n<span style=\"font-size: 18pt\">Tak w\u0142a\u015bnie wygl\u0105da nauka w ruchu \u2013 aktywnie, z wyobra\u017ani\u0105 i du\u017c\u0105 dawk\u0105 rado\u015bci! \u26c4\ud83e\udd0d<\/span><\/p>\n<p style=\"text-align: center\"><span style=\"font-size: 18pt\">Promocja materia\u0142\u00f3w dodatkowych AKiL<\/span><\/p>\n<p style=\"text-align: center\"><span style=\"font-size: 18pt\">W Nowy Rok wchodzimy z materia\u0142ami od Akademii Krokieta i Lamy, do kt\u00f3rych mamy dost\u0119p dzi\u0119ki udzia\u0142owi w projekcie \u201cEdukacja w ruchu\u201d! \ud83e\udd73<\/span><br \/>\n<span style=\"font-size: 18pt\">Ka\u017cdy film to zaproszenie do ruchu i wsp\u00f3lnego dzia\u0142ania. Dzieci anga\u017cuj\u0105 si\u0119 w kreatywne zadania, ucz\u0105 si\u0119 wsp\u00f3\u0142pracy \ud83e\udd1d i nabieraj\u0105 wiary we w\u0142asne mo\u017cliwo\u015bci \ud83d\udcaa, a nauka dzieje si\u0119 przy okazji \u2013 w naturalny spos\u00f3b i w atmosferze radosnej zabawy \ud83d\ude04<\/span><\/p>\n<p>[\/vc_column_text][\/vc_column][\/vc_row][vc_row][vc_column][vc_zigzag color=&#8221;chino&#8221; el_border_width=&#8221;15&#8243;][vc_column_text css=&#8221;&#8221;]<\/p>\n<p style=\"text-align: center\"><span style=\"color: #ff0000\"><strong><span style=\"font-size: 36pt\">Bal karnawa\u0142owy 2026<br \/>\n<\/span><\/strong><\/span><\/p>\n<p style=\"text-align: center\"><span style=\"font-size: 18pt\">Drodzy Rodzice, poni\u017cej kilka kadr\u00f3w z minionego balu, zabawa by\u0142a udana \ud83d\ude00<\/span><span style=\"font-size: 18pt\"><br \/>\n<\/span><\/p>\n<p>[\/vc_column_text][vc_gallery type=&#8221;image_grid&#8221; images=&#8221;10232,10233,10237,10238&#8243; img_size=&#8221;100&#215;100&#8243; css=&#8221;&#8221;][\/vc_column][\/vc_row][vc_row][vc_column][vc_zigzag color=&#8221;chino&#8221; el_border_width=&#8221;15&#8243;][vc_column_text css=&#8221;&#8221;]<\/p>\n<p style=\"text-align: center\"><span style=\"color: #ff0000\"><strong><span style=\"font-size: 36pt\">Integracyjny WF<\/span><\/strong><\/span><\/p>\n<p style=\"text-align: center\"><span style=\"font-size: 18pt\">Mi\u0142o nam poinformowa\u0107, \u017ce nasze Przedszkole otrzyma\u0142o certyfikat za aktywny udzia\u0142 w projekcie Integracyjny WF<\/span><span style=\"font-size: 18pt\">\u00a0\ud83d\ude42<\/span><\/p>\n<p><img loading=\"lazy\" decoding=\"async\" class=\"size-medium wp-image-10210 aligncenter\" src=\"https:\/\/przedszkole49.edu.wroclaw.pl\/wp-content\/uploads\/sites\/33\/2026\/01\/integracyjny-WF-2025-dyplom-1024x710.jpg\" alt=\"\" width=\"1024\" height=\"710\" srcset=\"https:\/\/przedszkole49.edu.wroclaw.pl\/wp-content\/uploads\/sites\/33\/2026\/01\/integracyjny-WF-2025-dyplom-1024x710.jpg 1024w, https:\/\/przedszkole49.edu.wroclaw.pl\/wp-content\/uploads\/sites\/33\/2026\/01\/integracyjny-WF-2025-dyplom-768x532.jpg 768w, https:\/\/przedszkole49.edu.wroclaw.pl\/wp-content\/uploads\/sites\/33\/2026\/01\/integracyjny-WF-2025-dyplom.jpg 1492w\" sizes=\"auto, (max-width: 1024px) 100vw, 1024px\" \/>[\/vc_column_text][\/vc_column][\/vc_row][vc_row][vc_column][vc_zigzag color=&#8221;chino&#8221; el_border_width=&#8221;15&#8243;][vc_column_text css=&#8221;&#8221;]<\/p>\n<p style=\"text-align: center\"><span style=\"color: #ff0000\"><strong><span style=\"font-size: 36pt\">Jase\u0142ka<\/span><\/strong><\/span><\/p>\n<p style=\"text-align: center\"><span style=\"font-size: 18pt\">Serdeczne podzi\u0119kowania dla Dzieci z Grupy 5 i Pani Magdaleny za przygotowanie przepi\u0119knego wyst\u0119pu oraz dla zaproszonych Go\u015bci \ud83d\ude42<\/span><\/p>\n<p><img loading=\"lazy\" decoding=\"async\" class=\"size-full wp-image-10187 aligncenter\" src=\"https:\/\/przedszkole49.edu.wroclaw.pl\/wp-content\/uploads\/sites\/33\/2025\/12\/jaselka-2025.jpg\" alt=\"\" width=\"640\" height=\"480\" \/>[\/vc_column_text][\/vc_column][\/vc_row][vc_row][vc_column][vc_zigzag color=&#8221;chino&#8221; el_border_width=&#8221;15&#8243;][vc_column_text css=&#8221;&#8221;]<\/p>\n<p style=\"text-align: center\"><span style=\"color: #ff0000\"><strong><span style=\"font-size: 36pt\">Dzie\u0144 pluszowego misia<\/span><\/strong><\/span><\/p>\n<p><img loading=\"lazy\" decoding=\"async\" class=\" wp-image-10186 aligncenter\" src=\"https:\/\/przedszkole49.edu.wroclaw.pl\/wp-content\/uploads\/sites\/33\/2025\/12\/dzien-pluszowego-misia-2025-podziekowania.jpg\" alt=\"\" width=\"601\" height=\"682\" \/>[\/vc_column_text][\/vc_column][\/vc_row][vc_row][vc_column][vc_zigzag color=&#8221;chino&#8221; el_border_width=&#8221;15&#8243;][vc_column_text css=&#8221;&#8221;]<\/p>\n<p style=\"text-align: center\"><span style=\"color: #ff0000\"><strong><span style=\"font-size: 36pt\">Miko\u0142ajki<br \/>\n<\/span><\/strong><\/span><\/p>\n<p style=\"text-align: center\"><span style=\"font-size: 18pt\">Serdecznie dzi\u0119kujemy Miko\u0142ajowi oraz Elf\u0105 za wr\u0119czenie d\u0142ugo wyczekiwanych prezent\u00f3w \ud83d\ude09<\/span><\/p>\n<p>[\/vc_column_text][vc_gallery type=&#8221;image_grid&#8221; images=&#8221;10169,10170,10171,10172&#8243; img_size=&#8221;100&#215;100&#8243; css=&#8221;&#8221;][\/vc_column][\/vc_row][vc_row][vc_column][vc_zigzag color=&#8221;chino&#8221; el_border_width=&#8221;15&#8243;][vc_column_text css=&#8221;&#8221;]<\/p>\n<p style=\"text-align: center\"><span style=\"color: #ff0000\"><strong><span style=\"font-size: 36pt\">Planetarium<br \/>\n<\/span><\/strong><\/span><\/p>\n<p style=\"text-align: center\"><span style=\"font-size: 18pt\">Dzisiaj (14.11.2025 r.) przyjecha\u0142o do naszego Przedszkola planetarium, dzi\u0119ki czemu Dzieci mog\u0142y zobaczy\u0107 podwodny \u015bwiat.<\/span><\/p>\n<p>[\/vc_column_text][vc_gallery type=&#8221;image_grid&#8221; images=&#8221;10136,10135,10137&#8243; img_size=&#8221;100&#215;100&#8243; css=&#8221;&#8221;][\/vc_column][\/vc_row][vc_row][vc_column][vc_zigzag color=&#8221;chino&#8221; el_border_width=&#8221;15&#8243;][vc_column_text css=&#8221;&#8221;]<\/p>\n<p style=\"text-align: center\"><span style=\"color: #ff0000\"><strong><span style=\"font-size: 36pt\">Narodowy Dzie\u0144 Niepodleg\u0142o\u015bci<\/span><\/strong><\/span><\/p>\n<p style=\"text-align: center\"><span style=\"font-size: 18pt\">W pi\u0105tek (07.11.2025 r.), wsp\u00f3lnie z naszymi Go\u015b\u0107mi, \u015bwi\u0119towali\u015bmy Narodowy Dzie\u0144 Niepodleg\u0142o\u015bci. Ogl\u0105dali\u015bmy pi\u0119kn\u0105 akademi\u0119 przygotowan\u0105 przez Dzieci i Wychowawc\u00f3w z Grupy 6 oraz przyst\u0105pili\u015bmy do og\u00f3lnopolskiej akcji &#8222;Szko\u0142a do hymnu&#8221;.<\/span><\/p>\n<p>[\/vc_column_text][vc_gallery type=&#8221;image_grid&#8221; images=&#8221;10126,10127,10128&#8243; img_size=&#8221;100&#215;100&#8243; css=&#8221;&#8221;][\/vc_column][\/vc_row][vc_row][vc_column][vc_zigzag color=&#8221;chino&#8221; el_border_width=&#8221;15&#8243;][vc_column_text css=&#8221;&#8221;]<\/p>\n<p style=\"text-align: center\"><span style=\"color: #ff0000\"><strong><span style=\"font-size: 36pt\">Edukacja w ruchu<\/span><\/strong><\/span><\/p>\n<p style=\"text-align: center\"><span style=\"font-size: 18pt\">\ud83d\udd25<strong>\ud835\udde3\ud835\uddff\ud835\uddfc\ud835\uddf7\ud835\uddf2\ud835\uddf8\ud835\ude01 &#8222;\ud835\uddd8\ud835\uddf1\ud835\ude02\ud835\uddf8\ud835\uddee\ud835\uddf0\ud835\uddf7\ud835\uddee \ud835\ude04 \ud835\uddff\ud835\ude02\ud835\uddf0\ud835\uddf5\ud835\ude02&#8221; \ud835\uddf1\ud835\uddfc\ud835\uddf0\ud835\uddf2\ud835\uddfb\ud835\uddf6\ud835\uddfc\ud835\uddfb\ud835\ude06 \ud835\uddfb\ud835\uddee \ud835\ude00\u0301\ud835\ude04\ud835\uddf6\ud835\uddf2\ud835\uddf0\ud835\uddf6\ud835\uddf2! <\/strong>\ud83c\udf0d<\/span><\/p>\n<p style=\"text-align: center\"><span style=\"font-size: 18pt\">Mamy zaszczyt bra\u0107 udzia\u0142 w projekcie <strong>\ud835\uddd8\ud835\uddf1\ud835\ude02\ud835\uddf8\ud835\uddee\ud835\uddf0\ud835\uddf7\ud835\uddee \ud835\ude04 \ud835\uddff\ud835\ude02\ud835\uddf0\ud835\uddf5\ud835\ude02<\/strong> (Physically Active Learning \u2013 PAL), kt\u00f3ry znalaz\u0142 si\u0119 w <strong>\ud835\udde7\ud835\udde2\ud835\udde3 \ud835\udfef \ud835\uddfb\ud835\uddee \ud835\ude00\u0301\ud835\ude04\ud835\uddf6\ud835\uddf2\ud835\uddf0\ud835\uddf6\ud835\uddf2<\/strong> podczas uroczysto\u015bci <em>Smart Cities &amp; Sport Summit 2025<\/em> w Seulu, organizowanej przez <em>World Union of Olympic Cities (<\/em>\u015awiatow\u0105 Uni\u0119 Miast Olimpijskich)!\ud83c\udfc6<\/span><\/p>\n<p style=\"text-align: center\"><span style=\"font-size: 18pt\">Wroc\u0142aw i dwa projekty koordynowane przez Fundacj\u0119 V4Sport zosta\u0142y wyr\u00f3\u017cnione za wykorzystanie aktywno\u015bci fizycznej i ruchu w edukacji. To ogromny sukces nas wszystkich!<\/span><\/p>\n<p style=\"text-align: center\"><span style=\"font-size: 18pt\"><strong>\ud835\udde3\ud835\uddee\ud835\uddff\ud835\ude01\ud835\uddfb\ud835\uddf2\ud835\uddff\ud835\ude07\ud835\ude06 \ud835\uddfd\ud835\uddff\ud835\uddfc\ud835\uddf7\ud835\uddf2\ud835\uddf8\ud835\ude01\ud835\ude02:<\/strong> @FundacjaV4Sport @Akademia Wychowania Fizycznego we Wroc\u0142awiu @AkademiaKrokietaiLamy @wroclaw.wroclove<\/span><\/p>\n<p style=\"text-align: center\"><span style=\"font-size: 18pt\"><a href=\"https:\/\/www.facebook.com\/hashtag\/edukacjawruchu?__eep__=6&amp;__cft__%5B0%5D=AZWhLuNMQSpw1hzRn9xO9qEn_kIa8aR6XJxCFyf-k_Nbmn8gvQWKObcac6ziYeBwoayy2HVfpXEwAaFzfOQfsJdSY_LyHEN_DHvxiktj-YXIW94s69WTPRP9iV4Fn0jBAO-FOwj3StzF4cVk2cnNOYPh6c1F9WgYJnAoJlSOlxcBRQ&amp;__tn__=*NK-R\"><strong>#edukacjawruchu<\/strong><\/a> <a href=\"https:\/\/www.facebook.com\/hashtag\/edukacjawruchuwroclaw?__eep__=6&amp;__cft__%5B0%5D=AZWhLuNMQSpw1hzRn9xO9qEn_kIa8aR6XJxCFyf-k_Nbmn8gvQWKObcac6ziYeBwoayy2HVfpXEwAaFzfOQfsJdSY_LyHEN_DHvxiktj-YXIW94s69WTPRP9iV4Fn0jBAO-FOwj3StzF4cVk2cnNOYPh6c1F9WgYJnAoJlSOlxcBRQ&amp;__tn__=*NK-R\"><strong>#edukacjawruchuWroclaw<\/strong><\/a> <a href=\"https:\/\/www.facebook.com\/hashtag\/physicallyactivelearning?__eep__=6&amp;__cft__%5B0%5D=AZWhLuNMQSpw1hzRn9xO9qEn_kIa8aR6XJxCFyf-k_Nbmn8gvQWKObcac6ziYeBwoayy2HVfpXEwAaFzfOQfsJdSY_LyHEN_DHvxiktj-YXIW94s69WTPRP9iV4Fn0jBAO-FOwj3StzF4cVk2cnNOYPh6c1F9WgYJnAoJlSOlxcBRQ&amp;__tn__=*NK-R\"><strong>#PhysicallyActiveLearning<\/strong><\/a><\/span><\/p>\n<p>[\/vc_column_text][\/vc_column][\/vc_row][vc_row][vc_column][vc_zigzag color=&#8221;chino&#8221; el_border_width=&#8221;15&#8243;][vc_column_text css=&#8221;&#8221;]<\/p>\n<p style=\"text-align: center\"><span style=\"color: #ff0000\"><strong><span style=\"font-size: 36pt\">Dzie\u0144 Dyni<\/span><\/strong><\/span><\/p>\n<p style=\"text-align: center\"><span style=\"font-size: 18pt\">Oto dynie, kt\u00f3re przygotowa\u0142y dzieci wraz z wychowawcami \ud83d\ude09<\/span><\/p>\n<p>[\/vc_column_text][vc_gallery type=&#8221;image_grid&#8221; images=&#8221;10099,10098,10096,10095,10094,10097&#8243; img_size=&#8221;100&#215;100&#8243; css=&#8221;&#8221;][\/vc_column][\/vc_row][vc_row][vc_column][vc_zigzag color=&#8221;chino&#8221; el_border_width=&#8221;15&#8243;][vc_column_text css=&#8221;&#8221;]<\/p>\n<p style=\"text-align: center\"><span style=\"color: #ff0000\"><strong><span style=\"font-size: 36pt\">Zdrowo i sportowo<\/span><\/strong><\/span><\/p>\n<p>&nbsp;<\/p>\n<p><img loading=\"lazy\" decoding=\"async\" class=\" wp-image-10085 aligncenter\" src=\"https:\/\/przedszkole49.edu.wroclaw.pl\/wp-content\/uploads\/sites\/33\/2025\/10\/zdrowo-i-sportowo-713x1024.jpg\" alt=\"\" width=\"496\" height=\"712\" srcset=\"https:\/\/przedszkole49.edu.wroclaw.pl\/wp-content\/uploads\/sites\/33\/2025\/10\/zdrowo-i-sportowo-713x1024.jpg 713w, https:\/\/przedszkole49.edu.wroclaw.pl\/wp-content\/uploads\/sites\/33\/2025\/10\/zdrowo-i-sportowo.jpg 752w\" sizes=\"auto, (max-width: 496px) 100vw, 496px\" \/>[\/vc_column_text][\/vc_column][\/vc_row][vc_row][vc_column][vc_zigzag color=&#8221;chino&#8221; el_border_width=&#8221;15&#8243;][vc_column_text css=&#8221;&#8221;]<\/p>\n<p style=\"text-align: center\"><span style=\"color: #ff0000\"><strong><span style=\"font-size: 36pt\">Zdalny Psycholog<\/span><\/strong><\/span><\/p>\n<p style=\"text-align: center\"><span style=\"font-size: 18pt\">Szanowni Pa\u0144stwo, z przyjemno\u015bci\u0105 informujemy, \u017ce nasze przedszkole bierze udzia\u0142 w pilota\u017cowym programie \u201eZdalny Psycholog\u201d, realizowanym przez Fundacj\u0119 Wsp\u00f3lnie dla Sprawy. <\/span><br \/>\n<span style=\"font-size: 18pt\">Celem projektu jest zapewnienie wsparcia psychologicznego dzieciom oraz ich rodzicom w sytuacjach trudnych, a tak\u017ce zwi\u0119kszenie dost\u0119pno\u015bci pomocy psychologicznej online \u2014 w spos\u00f3b szybki i bezpieczny. <\/span><\/p>\n<p style=\"text-align: center\"><span style=\"font-size: 18pt\">W ramach programu oferujemy: <\/span><br \/>\n<span style=\"font-size: 18pt\">\u2022 dost\u0119p do bajek terapeutycznych odczytywanych online; <\/span><br \/>\n<span style=\"font-size: 18pt\">\u2022 dost\u0119p do bezp\u0142atnych webinar\u00f3w i live-sesji po\u015bwi\u0119conych tematyce zdrowia psychicznego oraz rozwoju dziecka.<\/span><\/p>\n<p style=\"text-align: center\"><span style=\"font-size: 18pt\">Jak skorzysta\u0107? <\/span><br \/>\n<span style=\"font-size: 18pt\">Na stronie internetowej naszego przedszkola zosta\u0142a umieszczona specjalna wtyczka (widget), kt\u00f3ra umo\u017cliwia <\/span><span style=\"font-size: 18pt\">do\u0142\u0105czenie do webinaru lub live-sesji. <\/span><\/p>\n<p style=\"text-align: center\"><span style=\"font-size: 18pt\">Udzia\u0142 w programie oraz wszystkie oferowane formy wsparcia s\u0105 bezp\u0142atne dla dzieci i rodzic\u00f3w. <\/span><br \/>\n<span style=\"font-size: 18pt\">Zach\u0119camy do korzystania z dost\u0119pnych form wsparcia.<\/span><\/p>\n<p>[\/vc_column_text][\/vc_column][\/vc_row][vc_row][vc_column][vc_zigzag color=&#8221;chino&#8221; el_border_width=&#8221;15&#8243;][vc_column_text css=&#8221;&#8221;]<\/p>\n<p style=\"text-align: center\"><span style=\"color: #ff0000\"><strong><span style=\"font-size: 36pt\">Europejski Dzie\u0144 Sportu Szkolnego<\/span><\/strong><\/span><\/p>\n<p style=\"text-align: center\"><span style=\"font-size: 18pt\">Za udzia\u0142 w Europejskim Dniu Sportu Szkolnego, nasze Przedszkole zosta\u0142o uhonorowane certyfikatem \ud83d\ude42<\/span><\/p>\n<p><img loading=\"lazy\" decoding=\"async\" class=\" wp-image-10046 aligncenter\" src=\"https:\/\/przedszkole49.edu.wroclaw.pl\/wp-content\/uploads\/sites\/33\/2025\/10\/certyfikat-dzien-sportu-szkolnego-2025-1024x728.jpg\" alt=\"\" width=\"851\" height=\"605\" srcset=\"https:\/\/przedszkole49.edu.wroclaw.pl\/wp-content\/uploads\/sites\/33\/2025\/10\/certyfikat-dzien-sportu-szkolnego-2025-1024x728.jpg 1024w, https:\/\/przedszkole49.edu.wroclaw.pl\/wp-content\/uploads\/sites\/33\/2025\/10\/certyfikat-dzien-sportu-szkolnego-2025-768x546.jpg 768w, https:\/\/przedszkole49.edu.wroclaw.pl\/wp-content\/uploads\/sites\/33\/2025\/10\/certyfikat-dzien-sportu-szkolnego-2025.jpg 1519w\" sizes=\"auto, (max-width: 851px) 100vw, 851px\" \/>[\/vc_column_text][\/vc_column][\/vc_row][vc_row][vc_column][vc_zigzag color=&#8221;chino&#8221; el_border_width=&#8221;15&#8243;][vc_column_text css=&#8221;&#8221;]<\/p>\n<p style=\"text-align: center\"><span style=\"color: #ff0000\"><strong><span style=\"font-size: 36pt\">Projekt edukacyjny<\/span><\/strong><\/span><\/p>\n<p><img loading=\"lazy\" decoding=\"async\" class=\" wp-image-10033 aligncenter\" src=\"https:\/\/przedszkole49.edu.wroclaw.pl\/wp-content\/uploads\/sites\/33\/2025\/10\/play-with-english-play-in-english-724x1024.jpg\" alt=\"\" width=\"505\" height=\"714\" srcset=\"https:\/\/przedszkole49.edu.wroclaw.pl\/wp-content\/uploads\/sites\/33\/2025\/10\/play-with-english-play-in-english-724x1024.jpg 724w, https:\/\/przedszkole49.edu.wroclaw.pl\/wp-content\/uploads\/sites\/33\/2025\/10\/play-with-english-play-in-english-768x1086.jpg 768w, https:\/\/przedszkole49.edu.wroclaw.pl\/wp-content\/uploads\/sites\/33\/2025\/10\/play-with-english-play-in-english.jpg 905w\" sizes=\"auto, (max-width: 505px) 100vw, 505px\" \/>[\/vc_column_text][\/vc_column][\/vc_row][vc_row][vc_column][vc_zigzag color=&#8221;chino&#8221; el_border_width=&#8221;15&#8243;][vc_column_text css=&#8221;&#8221;]<\/p>\n<p style=\"text-align: center\"><span style=\"color: #ff0000\"><strong><span style=\"font-size: 36pt\">Certyfikat<\/span><\/strong><\/span><\/p>\n<p style=\"text-align: center\"><span style=\"font-size: 18pt\">Mi\u0142o nam poinformowa\u0107, \u017ce nasze Przedszkole otrzyma\u0142o certyfikat za udzia\u0142 w 32 Akcji Sprz\u0105tania \u015awiata.<\/span><\/p>\n<p><img loading=\"lazy\" decoding=\"async\" class=\"size-medium wp-image-10027 aligncenter\" src=\"https:\/\/przedszkole49.edu.wroclaw.pl\/wp-content\/uploads\/sites\/33\/2025\/10\/certyfikat-sprzatania-swiata-2025-1024x727.jpg\" alt=\"\" width=\"1024\" height=\"727\" srcset=\"https:\/\/przedszkole49.edu.wroclaw.pl\/wp-content\/uploads\/sites\/33\/2025\/10\/certyfikat-sprzatania-swiata-2025-1024x727.jpg 1024w, https:\/\/przedszkole49.edu.wroclaw.pl\/wp-content\/uploads\/sites\/33\/2025\/10\/certyfikat-sprzatania-swiata-2025-768x545.jpg 768w, https:\/\/przedszkole49.edu.wroclaw.pl\/wp-content\/uploads\/sites\/33\/2025\/10\/certyfikat-sprzatania-swiata-2025.jpg 1522w\" sizes=\"auto, (max-width: 1024px) 100vw, 1024px\" \/>[\/vc_column_text][\/vc_column][\/vc_row][vc_row][vc_column][vc_zigzag color=&#8221;chino&#8221; el_border_width=&#8221;15&#8243;][vc_column_text css=&#8221;&#8221;]<\/p>\n<p style=\"text-align: center\"><span style=\"color: #ff0000\"><strong><span style=\"font-size: 36pt\">Dzie\u0144 Przedszkolaka<\/span><\/strong><\/span><\/p>\n<p style=\"text-align: center\"><span style=\"font-size: 18pt\">19.09.2025 r. \u015bwi\u0119towali\u015bmy wsp\u00f3lnie Dzie\u0144 Przedszkolaka: z u\u015bmiechami maszerowali\u015bmy z logo naszego przedszkola i wsp\u00f3lnie za\u015bpiewali\u015bmy &#8222;Jestem sobie przedszkolaczek&#8221; \ud83d\ude42\u00a0<\/span><\/p>\n<p><img loading=\"lazy\" decoding=\"async\" class=\" wp-image-10011 aligncenter\" src=\"https:\/\/przedszkole49.edu.wroclaw.pl\/wp-content\/uploads\/sites\/33\/2025\/09\/dzien-przedszkolaka-02-768x1024.jpg\" alt=\"\" width=\"450\" height=\"600\" srcset=\"https:\/\/przedszkole49.edu.wroclaw.pl\/wp-content\/uploads\/sites\/33\/2025\/09\/dzien-przedszkolaka-02-768x1024.jpg 768w, https:\/\/przedszkole49.edu.wroclaw.pl\/wp-content\/uploads\/sites\/33\/2025\/09\/dzien-przedszkolaka-02-scaled.jpg 1920w, https:\/\/przedszkole49.edu.wroclaw.pl\/wp-content\/uploads\/sites\/33\/2025\/09\/dzien-przedszkolaka-02-1152x1536.jpg 1152w, https:\/\/przedszkole49.edu.wroclaw.pl\/wp-content\/uploads\/sites\/33\/2025\/09\/dzien-przedszkolaka-02-1536x2048.jpg 1536w\" sizes=\"auto, (max-width: 450px) 100vw, 450px\" \/>[\/vc_column_text][\/vc_column][\/vc_row][vc_row][vc_column][vc_zigzag color=&#8221;chino&#8221; el_border_width=&#8221;15&#8243;][vc_column_text css=&#8221;&#8221;]<\/p>\n<p style=\"text-align: center\"><span style=\"color: #ff0000\"><strong><span style=\"font-size: 36pt\">Dzie\u0144 Kropki<\/span><\/strong><\/span><\/p>\n<p style=\"text-align: center\"><span style=\"font-size: 24pt\">15.09.2025 roku \u015bwi\u0119towali\u015bmy Dzie\u0144 Kropki w naszym Przedszkolu \ud83d\ude42<\/span><\/p>\n<p><img loading=\"lazy\" decoding=\"async\" class=\" wp-image-9995 aligncenter\" src=\"https:\/\/przedszkole49.edu.wroclaw.pl\/wp-content\/uploads\/sites\/33\/2025\/09\/dzien-kropki-2026-683x1024.jpg\" alt=\"\" width=\"438\" height=\"657\" srcset=\"https:\/\/przedszkole49.edu.wroclaw.pl\/wp-content\/uploads\/sites\/33\/2025\/09\/dzien-kropki-2026-683x1024.jpg 683w, https:\/\/przedszkole49.edu.wroclaw.pl\/wp-content\/uploads\/sites\/33\/2025\/09\/dzien-kropki-2026-768x1152.jpg 768w, https:\/\/przedszkole49.edu.wroclaw.pl\/wp-content\/uploads\/sites\/33\/2025\/09\/dzien-kropki-2026.jpg 1024w\" sizes=\"auto, (max-width: 438px) 100vw, 438px\" \/>[\/vc_column_text][\/vc_column][\/vc_row][vc_row][vc_column][vc_zigzag color=&#8221;chino&#8221; el_border_width=&#8221;15&#8243;][vc_column_text css=&#8221;&#8221;]<\/p>\n<p style=\"text-align: center\"><span style=\"color: #ff0000\"><strong><span style=\"font-size: 36pt\">Zaj\u0119cia dodatkowe<\/span><\/strong><\/span><\/p>\n<p><img loading=\"lazy\" decoding=\"async\" class=\"size-full wp-image-9962 aligncenter\" src=\"https:\/\/przedszkole49.edu.wroclaw.pl\/wp-content\/uploads\/sites\/33\/2025\/09\/harmonogram-zajec-dodatkowych-2025-2026.jpg\" alt=\"\" width=\"991\" height=\"304\" srcset=\"https:\/\/przedszkole49.edu.wroclaw.pl\/wp-content\/uploads\/sites\/33\/2025\/09\/harmonogram-zajec-dodatkowych-2025-2026.jpg 991w, https:\/\/przedszkole49.edu.wroclaw.pl\/wp-content\/uploads\/sites\/33\/2025\/09\/harmonogram-zajec-dodatkowych-2025-2026-768x236.jpg 768w\" sizes=\"auto, (max-width: 991px) 100vw, 991px\" \/>[\/vc_column_text][\/vc_column][\/vc_row][vc_row][vc_column][vc_zigzag color=&#8221;chino&#8221; el_border_width=&#8221;15&#8243;][vc_column_text css=&#8221;&#8221;]<\/p>\n<p style=\"text-align: center\"><span style=\"color: #ff0000\"><strong><span style=\"font-size: 36pt\">Przyprowadzanie i odbieranie dzieci<\/span><\/strong><\/span><\/p>\n<p style=\"text-align: center\"><span style=\"font-size: 18pt\">Drodzy Rodzice, w celu usprawnienia pracy Przedszkola prosimy o przyprowadzanie dzieci<\/span><\/p>\n<p style=\"text-align: center\"><strong><span style=\"font-size: 18pt\">do godziny 8:15<\/span><\/strong><\/p>\n<p style=\"text-align: center\"><span style=\"font-size: 18pt\">oraz odbi\u00f3r w <strong>godzinach 13:45 &#8211; 14:50 i od godziny 15:15<\/strong>.<\/span><\/p>\n<p>[\/vc_column_text][\/vc_column][\/vc_row][vc_row][vc_column][vc_zigzag color=&#8221;chino&#8221; el_border_width=&#8221;15&#8243;][vc_column_text css=&#8221;&#8221;]<\/p>\n<p style=\"text-align: center\"><span style=\"color: #ff0000\"><span style=\"font-size: 36pt\"><span style=\"color: #ff0000;font-size: 36pt\"><b>Dokumenty<\/b><\/span><\/span><\/span><\/p>\n<p style=\"text-align: center\"><span style=\"font-size: 18pt\">Drodzy Rodzice, bardzo prosimy o wydrukowanie, podpisanie i dostarczenie jak najszybciej do Przedszkola poni\u017cszych dokument\u00f3w:<\/span><\/p>\n<p style=\"text-align: center\"><a href=\"https:\/\/przedszkole49.edu.wroclaw.pl\/wp-content\/uploads\/sites\/33\/2025\/08\/deklaracja-pobytu-dziecka-w-przedszkolu-2025-2026.pdf\"><span style=\"font-size: 18pt\">Deklaracja pobytu dziecka w przedszkolu<\/span><\/a><\/p>\n<p style=\"text-align: center\"><a href=\"https:\/\/przedszkole49.edu.wroclaw.pl\/wp-content\/uploads\/sites\/33\/2025\/08\/karta-do-odbioru-dziecka-z-przedszkola.pdf\"><span style=\"font-size: 18pt\">Karta do odbioru dziecka z przedszkola<\/span><\/a><\/p>\n<p style=\"text-align: center\"><a href=\"https:\/\/przedszkole49.edu.wroclaw.pl\/wp-content\/uploads\/sites\/33\/2025\/08\/zgoda-na-publikacje-wizerunku-dziecka.pdf\"><span style=\"font-size: 18pt\">Zgoda na publikacj\u0119 wizerunku dziecka na stronie internetowej<\/span><\/a><\/p>\n<p style=\"text-align: center\"><a href=\"https:\/\/przedszkole49.edu.wroclaw.pl\/wp-content\/uploads\/sites\/33\/2025\/08\/zgoda-na-badania-logopedyczne.pdf\"><span style=\"font-size: 18pt\">Zgoda na badania logopedyczne<\/span><\/a><\/p>\n<p style=\"text-align: center\"><a href=\"https:\/\/przedszkole49.edu.wroclaw.pl\/wp-content\/uploads\/sites\/33\/2025\/08\/zgoda-na-udzial-w-lekcjach-religii.pdf\"><span style=\"font-size: 18pt\">Zgoda na udzia\u0142 w lekcjach religii<\/span><\/a><\/p>\n<p style=\"text-align: center\"><span style=\"font-size: 18pt\"><a href=\"https:\/\/przedszkole49.edu.wroclaw.pl\/wp-content\/uploads\/sites\/33\/2025\/08\/zgoda-na-pomoc-psychologiczno-pedagogiczna.pdf\">Zgoda na pomoc psychologiczno-pedagogiczn\u0105<\/a><\/span><\/p>\n<p style=\"text-align: center\"><span style=\"font-size: 18pt\"><a href=\"https:\/\/przedszkole49.edu.wroclaw.pl\/wp-content\/uploads\/sites\/33\/2025\/08\/zgoda-na-zajecia-SI.pdf\">Zgoda na zaj\u0119cia SI<\/a><\/span><\/p>\n<p style=\"text-align: center\"><span style=\"font-size: 18pt\">!!! Bardzo prosimy aby, do czasu dostarczenia \u201eKarty odbioru dziecka z przedszkola\u201d, Dziecko z plac\u00f3wki odbierali wy\u0142\u0105cznie Rodzice. !!!<\/span><\/p>\n<p>[\/vc_column_text][\/vc_column][\/vc_row][vc_row][vc_column][vc_zigzag color=&#8221;chino&#8221; el_border_width=&#8221;15&#8243;][vc_column_text css=&#8221;&#8221;]<\/p>\n<p style=\"text-align: center\"><strong><span style=\"color: #ff0000;font-size: 300%\">Przypominamy<\/span><\/strong><\/p>\n<p style=\"text-align: center\"><span style=\"font-size: 18pt\">W zwi\u0105zku ze zbli\u017caj\u0105cym si\u0119 nowym rokiem szkolnym 2025\/2026, przypominamy o konieczno\u015bci dostarczenia nowych za\u015bwiadcze\u0144 lekarskich w przypadku dzieci uczestnicz\u0105cych w zaj\u0119ciach gimnastyki korekcyjnej (ortopeda, fizjoterapeuta) lub korzystaj\u0105cych z diet eliminacyjnych (alergolog).<\/span><\/p>\n<p>[\/vc_column_text][\/vc_column][\/vc_row][vc_row][vc_column][vc_zigzag color=&#8221;chino&#8221; el_border_width=&#8221;15&#8243;][vc_column_text css=&#8221;&#8221;]<\/p>\n<p style=\"text-align: center\"><strong><span style=\"color: #ff0000;font-size: 300%\">!!! Komunikat !!!<\/span><\/strong><\/p>\n<p style=\"text-align: center\"><span style=\"font-size: 24pt\"><span style=\"color: #ff0000\">Przypominamy<\/span> o niekorzystaniu z placu zabaw po odbiorze dzieci z przedszkola.<\/span><\/p>\n<p style=\"text-align: center\"><span style=\"font-size: 24pt;color: #339966\">Prosimy o uszanowanie decyzji Dyrektora i pracownik\u00f3w przedszkola.<\/span><\/p>\n<p>[\/vc_column_text][\/vc_column][\/vc_row][vc_row][vc_column][vc_zigzag color=&#8221;chino&#8221; el_border_width=&#8221;15&#8243;][vc_column_text css=&#8221;&#8221;]<\/p>\n<p style=\"text-align: center\"><strong><span style=\"color: #ff0000;font-size: 300%\">Og\u0142oszenie<br \/>\n<\/span><\/strong><\/p>\n<p style=\"text-align: center\"><span style=\"font-size: 18pt\">Drodzy Rodzice, z uwagi na braki kadry pedagogicznej mo\u017ce zdarzy\u0107 si\u0119 sytuacja, \u017ce grupa gdzie nie b\u0119dzie nauczyciela zostanie podzielona lub w ca\u0142o\u015bci przeniesiona do innej grupy.<\/span><br \/>\n<span style=\"font-size: 18pt\">Prosz\u0119 nam wierzy\u0107, \u017ce BARDZO si\u0119 staramy aby takich moment\u00f3w by\u0142o jak najmniej.<\/span><br \/>\n<span style=\"font-size: 18pt\">Liczymy na Pa\u0144stwa wyrozumia\u0142o\u015b\u0107.<\/span><\/p>\n<p>[\/vc_column_text][\/vc_column][\/vc_row][vc_row][vc_column][vc_zigzag color=&#8221;chino&#8221; el_border_width=&#8221;15&#8243;][vc_column_text css=&#8221;&#8221;]<\/p>\n<p style=\"text-align: center\"><span style=\"color: #ff0000\"><span style=\"font-size: 36pt\"><span style=\"color: #ff0000;font-size: 36pt\"><b>Gimnastyka korekcyjna<\/b><\/span><\/span><\/span><\/p>\n<p style=\"text-align: center\"><span style=\"font-size: 18pt\">Szanowni Rodzice, przypominamy, \u017ce na zaj\u0119cia gimnastyki korekcyjnej b\u0119d\u0105 mog\u0142y ucz\u0119szcza\u0107 <span style=\"text-decoration: underline\">wy\u0142\u0105cznie<\/span> dzieci z odpowiednimi za\u015bwiadczeniami od specjalist\u00f3w.<strong><br \/>\n<\/strong><\/span><\/p>\n<p>[\/vc_column_text][\/vc_column][\/vc_row][vc_row][vc_column][vc_zigzag color=&#8221;chino&#8221; el_border_width=&#8221;15&#8243;][vc_column_text css=&#8221;&#8221;]<\/p>\n<p style=\"text-align: center\"><span style=\"color: #ff0000\"><span style=\"font-size: 36pt\"><span style=\"color: #ff0000;font-size: 36pt\"><b>Za\u015bwiadczenia o <\/b><\/span><span style=\"color: #ff0000\"><span style=\"font-size: 48px\"><b>alergenach<\/b><\/span><\/span><span style=\"color: #ff0000;font-size: 36pt\"><b> pokarmowych<\/b><\/span><\/span><\/span><\/p>\n<p style=\"text-align: center\"><span style=\"font-size: 18pt\">W zwi\u0105zku ze zbli\u017caj\u0105cym si\u0119 nowym rokiem szkolnym, przypominam o konieczno\u015bci dostarczenia nowych za\u015bwiadcze\u0144 lekarskich. Przypominamy, \u017ce nasze Przedszkole realizuje diety na podstawie <strong>aktualnych za\u015bwiadcze\u0144 lekarskich<\/strong>. <\/span><\/p>\n<p style=\"text-align: center\"><span style=\"font-size: 18pt\">Jak wiadomo alergie pokarmowe ulegaj\u0105 zmianie i dlatego konieczna jest weryfikacja alergen\u00f3w pokarmowych. Stosowanie diet eliminacyjnych u dzieci bezpodstawnie nie jest wskazane. W przypadku alergii pokarmowej dieta jest lekarstwem, a gdy nie chorujemy nie stosujemy lekarstwa i w tym wypadku diety eliminacyjnej. <\/span><span style=\"font-size: 18pt\">Prosimy, aby w za\u015bwiadczeniach by\u0142y wymienione konkretne alergeny pokarmowe.<\/span><\/p>\n<p style=\"text-align: center\"><span style=\"text-decoration: underline\"><span style=\"font-size: 18pt\">Rodzice dzieci kontynuuj\u0105cych pobyt w Przedszkolu, s\u0105 r\u00f3wnie\u017c proszeni o uaktualnienie za\u015bwiadcze\u0144. Zesz\u0142oroczne za\u015bwiadczenia, s\u0105 honorowane tylko do ko\u0144ca wrze\u015bnia 2025 roku.<\/span><\/span><\/p>\n<p>[\/vc_column_text][\/vc_column][\/vc_row][vc_row][vc_column][vc_zigzag color=&#8221;chino&#8221; el_border_width=&#8221;15&#8243;][vc_column_text css=&#8221;&#8221;]<\/p>\n<p style=\"text-align: center\"><span style=\"color: #ff0000\"><span style=\"font-size: 36pt\"><span style=\"color: #ff0000;font-size: 36pt\"><b>Catering<\/b><\/span><\/span><\/span><\/p>\n<p style=\"text-align: center\"><span style=\"font-size: 18pt\">Informujemy, \u017ce z dniem 01.01.2026 roku wy\u017cywieniem naszych Dzieci zajmowa\u0107 si\u0119 b\u0119dzie:<\/span><\/p>\n<p style=\"text-align: center\"><strong><span style=\"font-size: 18pt\">CATERING DIETETYCZNY FIT &#8211; Euforia (Kulinarna Misja)<\/span><\/strong><\/p>\n<p style=\"text-align: center\"><strong><span style=\"font-size: 18pt\">ul. T\u0119czowa 83x\/3<\/span><\/strong><\/p>\n<p style=\"text-align: center\"><strong><span style=\"font-size: 18pt\">53-601 Wroc\u0142aw<\/span><\/strong><\/p>\n<p style=\"text-align: center\"><span style=\"font-size: 18pt\">Dzienna stawka \u017cywieniowa przypadaj\u0105ca na jedno dziecko wynosi: 18,19 z\u0142 brutto.<\/span><br \/>\n<span style=\"font-size: 18pt\">Wsad do kot\u0142a wynosi: 17,00 z\u0142 brutto (koszt kt\u00f3ry ponosi Rodzic).<\/span><br \/>\n<span style=\"font-size: 18pt\">Koszt przygotowania, dowozu i wydania posi\u0142ku wynosi: 1,19 z\u0142 brutto.<\/span><\/p>\n<p>[\/vc_column_text][\/vc_column][\/vc_row][vc_row][vc_column][vc_zigzag color=&#8221;chino&#8221; el_border_width=&#8221;15&#8243;][vc_column_text css=&#8221;&#8221;]<\/p>\n<p style=\"text-align: center\"><span style=\"color: #ff0000\"><span style=\"font-size: 36pt\"><span style=\"color: #ff0000;font-size: 36pt\"><b>Informacja<\/b><\/span><\/span><\/span><\/p>\n<p style=\"text-align: center\"><span style=\"font-size: 18pt\">Informujemy, i\u017c z dniem 01.09.2024 roku uleg\u0142a zmianie stawka godzinowa za pobyt sta\u0142y dziecka w przedszkolu z 1,30 z\u0142 na 1,44 z\u0142.<\/span><\/p>\n<p>[\/vc_column_text][\/vc_column][\/vc_row]<\/p>\n<\/div>","protected":false},"excerpt":{"rendered":"<p>[vc_row][vc_column][vc_masonry_grid post_type=&#8221;post&#8221; max_items=&#8221;-1&#8243; style=&#8221;lazy&#8221; grid_id=&#8221;vc_gid:1777020870354-0eaad3f0-0a32-7&#8243; taxonomies=&#8221;4&#8243;][\/vc_column][\/vc_row][vc_row][vc_column][vc_zigzag color=&#8221;chino&#8221; el_border_width=&#8221;15&#8243;][vc_column_text css=&#8221;&#8221;] Wellbefi &#8211; Live Sesja dla rodzic\u00f3w: 28.04.2026 Ka\u017cdy rodzic chce, aby jego dziecko by\u0142o szcz\u0119\u015bliwe. Ale czy ka\u017cdy wie, co robi\u0107, [&hellip;]<\/p>\n","protected":false},"author":72,"featured_media":0,"parent":0,"menu_order":0,"comment_status":"closed","ping_status":"closed","template":"","meta":{"ngg_post_thumbnail":0,"footnotes":""},"class_list":["post-105","page","type-page","status-publish","hentry","clearfix"],"_links":{"self":[{"href":"https:\/\/przedszkole49.edu.wroclaw.pl\/index.php\/wp-json\/wp\/v2\/pages\/105","targetHints":{"allow":["GET"]}}],"collection":[{"href":"https:\/\/przedszkole49.edu.wroclaw.pl\/index.php\/wp-json\/wp\/v2\/pages"}],"about":[{"href":"https:\/\/przedszkole49.edu.wroclaw.pl\/index.php\/wp-json\/wp\/v2\/types\/page"}],"author":[{"embeddable":true,"href":"https:\/\/przedszkole49.edu.wroclaw.pl\/index.php\/wp-json\/wp\/v2\/users\/72"}],"replies":[{"embeddable":true,"href":"https:\/\/przedszkole49.edu.wroclaw.pl\/index.php\/wp-json\/wp\/v2\/comments?post=105"}],"version-history":[{"count":811,"href":"https:\/\/przedszkole49.edu.wroclaw.pl\/index.php\/wp-json\/wp\/v2\/pages\/105\/revisions"}],"predecessor-version":[{"id":10471,"href":"https:\/\/przedszkole49.edu.wroclaw.pl\/index.php\/wp-json\/wp\/v2\/pages\/105\/revisions\/10471"}],"wp:attachment":[{"href":"https:\/\/przedszkole49.edu.wroclaw.pl\/index.php\/wp-json\/wp\/v2\/media?parent=105"}],"curies":[{"name":"wp","href":"https:\/\/api.w.org\/{rel}","templated":true}]}}