
{"id":13,"date":"2017-09-22T13:33:36","date_gmt":"2017-09-22T11:33:36","guid":{"rendered":"https:\/\/przedszkole49.edu.wroclaw.pl\/?page_id=13"},"modified":"2026-01-14T11:34:05","modified_gmt":"2026-01-14T10:34:05","slug":"kontakt","status":"publish","type":"page","link":"https:\/\/przedszkole49.edu.wroclaw.pl\/index.php\/kontakt\/","title":{"rendered":"Kontakt"},"content":{"rendered":"<div class=\"wpb-content-wrapper\"><p>[vc_row full_width=&#8221;1&#8243;][vc_column font_color=&#8221;#52810D&#8221;][vc_raw_html]JTNDZGl2JTIwY2xhc3MlM0QlMjJtYXBvdXRlciUyMiUzRSUzQ2RpdiUyMGNsYXNzJTNEJTIyZ21hcF9jYW52YXMlMjIlM0UlM0NpZnJhbWUlMjB3aWR0aCUzRCUyMjEwMCUyNSUyMiUyMGhlaWdodCUzRCUyMjUwMCUyMiUyMGlkJTNEJTIyZ21hcF9jYW52YXMlMjIlMjBzcmMlM0QlMjJodHRwcyUzQSUyRiUyRm1hcHMuZ29vZ2xlLmNvbSUyRm1hcHMlM0ZxJTNEUHJ6ZWRzemtvbGUlMjUyME5yJTI1MjA0OSUyNTIwaW0uJTI1MjBUeXNpJTI1QzQlMjU4NWNsZWNpYSUyNTIwTWlhc3RhJTI1MjBXcm9jJTI1QzUlMjU4MmF3aWElMjUyMHVsLiUyNTIwQm9yb3dza2ElMjUyMDE4MS0xODclMjUyMDUwLTU1MyUyNTIwV3JvYyUyNUM1JTI1ODJhdyUyNnQlM0QlMjZ6JTNEMTMlMjZpZSUzRFVURjglMjZpd2xvYyUzRCUyNm91dHB1dCUzRGVtYmVkJTIyJTIwZnJhbWVib3JkZXIlM0QlMjIwJTIyJTIwc2Nyb2xsaW5nJTNEJTIybm8lMjIlMjBtYXJnaW5oZWlnaHQlM0QlMjIwJTIyJTIwbWFyZ2lud2lkdGglM0QlMjIwJTIyJTNFJTNDJTJGaWZyYW1lJTNFJTNDYSUyMGhyZWYlM0QlMjJodHRwcyUzQSUyRiUyRnd3dy5wdXJlYmxhY2suZGUlMkZnb29nbGUtbWFwcyUyRiUyMiUzRSUzQyUyRmElM0UlM0MlMkZkaXYlM0UlM0NzdHlsZSUzRS5tYXBvdXRlciU3QnRleHQtYWxpZ24lM0FyaWdodCUzQmhlaWdodCUzQTUwMHB4JTNCd2lkdGglM0ExMDAlMjUlM0IlN0QuZ21hcF9jYW52YXMlMjAlN0JvdmVyZmxvdyUzQWhpZGRlbiUzQmJhY2tncm91bmQlM0Fub25lJTIxaW1wb3J0YW50JTNCaGVpZ2h0JTNBNTAwcHglM0J3aWR0aCUzQTEwMCUyNSUzQiU3RCUzQyUyRnN0eWxlJTNFJTNDJTJGZGl2JTNF[\/vc_raw_html][vc_empty_space][\/vc_column][\/vc_row][vc_row][vc_column width=&#8221;1\/2&#8243;]\n<div class=\"wpcf7 no-js\" id=\"wpcf7-f12-o1\" lang=\"pl-PL\" dir=\"ltr\" data-wpcf7-id=\"12\">\n<div class=\"screen-reader-response\"><p role=\"status\" aria-live=\"polite\" aria-atomic=\"true\"><\/p> <ul><\/ul><\/div>\n<form action=\"\/index.php\/wp-json\/wp\/v2\/pages\/13#wpcf7-f12-o1\" method=\"post\" class=\"wpcf7-form init\" aria-label=\"Formularz kontaktowy\" novalidate=\"novalidate\" data-status=\"init\">\n<fieldset class=\"hidden-fields-container\"><input type=\"hidden\" name=\"_wpcf7\" value=\"12\" \/><input type=\"hidden\" name=\"_wpcf7_version\" value=\"6.1.5\" \/><input type=\"hidden\" name=\"_wpcf7_locale\" value=\"pl_PL\" \/><input type=\"hidden\" name=\"_wpcf7_unit_tag\" value=\"wpcf7-f12-o1\" \/><input type=\"hidden\" name=\"_wpcf7_container_post\" value=\"0\" \/><input type=\"hidden\" name=\"_wpcf7_posted_data_hash\" value=\"\" \/>\n<\/fieldset>\n<style> .kontaktf{color:black; }\n<\/style>\n<p>Imi\u0119 i nazwisko (wymagane)\n<\/p>\n<p><span class=\"wpcf7-form-control-wrap\" data-name=\"your-name\"><input size=\"40\" maxlength=\"400\" class=\"wpcf7-form-control wpcf7-text wpcf7-validates-as-required\" aria-required=\"true\" aria-invalid=\"false\" value=\"\" type=\"text\" name=\"your-name\" \/><\/span>\n<\/p>\n<p>Adres email (wymagane)\n<\/p>\n<p><span class=\"wpcf7-form-control-wrap\" data-name=\"your-email\"><input size=\"40\" maxlength=\"400\" class=\"wpcf7-form-control wpcf7-email wpcf7-validates-as-required wpcf7-text wpcf7-validates-as-email\" aria-required=\"true\" aria-invalid=\"false\" value=\"\" type=\"email\" name=\"your-email\" \/><\/span>\n<\/p>\n<p>Temat\n<\/p>\n<p><span class=\"wpcf7-form-control-wrap\" data-name=\"your-subject\"><input size=\"40\" maxlength=\"400\" class=\"wpcf7-form-control wpcf7-text\" aria-invalid=\"false\" value=\"\" type=\"text\" name=\"your-subject\" \/><\/span>\n<\/p>\n<p>Tre\u015b\u0107 wiadomo\u015bci\n<\/p>\n<p><span class=\"wpcf7-form-control-wrap\" data-name=\"your-message\"><textarea cols=\"40\" rows=\"10\" maxlength=\"2000\" class=\"wpcf7-form-control wpcf7-textarea\" aria-invalid=\"false\" name=\"your-message\"><\/textarea><\/span>\n<\/p>\n<p><label class=\"kontaktf\"> Przepisz tekst z obrazka<br \/>\n<strong>Ostrze\u017cenie:<\/strong> Wtyczka <a href=\"https:\/\/wordpress.org\/plugins\/really-simple-captcha\/\">Really Simple CAPTCHA<\/a> jest nieaktywna.<br \/>\n<span class=\"wpcf7-form-control-wrap\" data-name=\"captcha-118\"><input size=\"4\" maxlength=\"4\" class=\"wpcf7-form-control wpcf7-captchar\" autocomplete=\"off\" aria-invalid=\"false\" value=\"\" type=\"text\" name=\"captcha-118\" \/><\/span><br \/>\n<input class=\"wpcf7-form-control wpcf7-submit has-spinner\" type=\"submit\" value=\"Wy\u015blij\" \/><br \/>\n<\/label>\n<\/p><p style=\"display: none !important;\" class=\"akismet-fields-container\" data-prefix=\"_wpcf7_ak_\"><label>&#916;<textarea name=\"_wpcf7_ak_hp_textarea\" cols=\"45\" rows=\"8\" maxlength=\"100\"><\/textarea><\/label><input type=\"hidden\" id=\"ak_js_1\" name=\"_wpcf7_ak_js\" value=\"119\"\/><script>document.getElementById( \"ak_js_1\" ).setAttribute( \"value\", ( new Date() ).getTime() );<\/script><\/p><div class=\"wpcf7-response-output\" aria-hidden=\"true\"><\/div>\n<\/form>\n<\/div>\n[\/vc_column][vc_column width=&#8221;1\/2&#8243;][vc_row_inner][vc_column_inner width=&#8221;1\/4&#8243; css=&#8221;.vc_custom_1451378474576{padding-top: 28px !important;}&#8221;][vc_icon icon_fontawesome=&#8221;fas fa-school&#8221; color=&#8221;custom&#8221; size=&#8221;lg&#8221; align=&#8221;center&#8221; css_animation=&#8221;appear&#8221; custom_color=&#8221;#0336a1&#8243;][\/vc_column_inner][vc_column_inner width=&#8221;3\/4&#8243;][vc_column_text css_animation=&#8221;appear&#8221;]<span style=\"font-size: 14pt\">Przedszkole Nr 49\u00a0im. Tysi\u0105clecia Miasta Wroc\u0142awia<\/span><br \/>\n<span style=\"font-size: 14pt\">ul. Borowska 181-187<\/span><br \/>\n<span style=\"font-size: 14pt\">50-553 Wroc\u0142aw<\/span>[\/vc_column_text][\/vc_column_inner][\/vc_row_inner][vc_empty_space][vc_row_inner][vc_column_inner width=&#8221;1\/4&#8243;][vc_icon icon_fontawesome=&#8221;far fa-envelope&#8221; color=&#8221;custom&#8221; size=&#8221;lg&#8221; align=&#8221;center&#8221; css_animation=&#8221;bottom-to-top&#8221; custom_color=&#8221;#0336a1&#8243;][\/vc_column_inner][vc_column_inner width=&#8221;3\/4&#8243;][vc_empty_space height=&#8221;16px&#8221;][vc_column_text css_animation=&#8221;left-to-right&#8221; css=&#8221;&#8221;]<span style=\"font-size: 14pt\">e-mail: sekretariat.p049@wroclawskaedukacja.pl<\/span><\/p>\n<p><span style=\"font-size: 14pt\">ePUAP: Przedszkole nr 49 im. Tysi\u0105clecia Miasta Wroc\u0142awia (\/P49Wro\/SkrytkaESP)<\/span><\/p>\n<p><span style=\"font-size: 14pt\">e-Dor\u0119czenia: AE:PL-31617-30624-AWVCE-28<\/span>[\/vc_column_text][\/vc_column_inner][\/vc_row_inner][vc_empty_space][vc_row_inner][vc_column_inner width=&#8221;1\/4&#8243;][vc_empty_space][vc_icon icon_fontawesome=&#8221;fas fa-phone&#8221; color=&#8221;custom&#8221; size=&#8221;lg&#8221; align=&#8221;center&#8221; css_animation=&#8221;top-to-bottom&#8221; custom_color=&#8221;#0336a1&#8243;][\/vc_column_inner][vc_column_inner width=&#8221;3\/4&#8243;][vc_column_text css_animation=&#8221;appear&#8221;]<span style=\"font-size: 14pt\">telefon: 71 7986793<\/span><br \/>\n<span style=\"font-size: 14pt\">wewn\u0119trzny:<\/span><br \/>\n<span style=\"font-size: 14pt\">101 &#8211; Dyrektor Przedszkola<\/span><br \/>\n<span style=\"font-size: 14pt\">102 &#8211; Wicedyrektor<\/span><br \/>\n<span style=\"font-size: 14pt\">113 &#8211; Intendent<\/span><br \/>\n<span style=\"font-size: 14pt\">201 &#8211; Nauczyciele<\/span>[\/vc_column_text][\/vc_column_inner][\/vc_row_inner][\/vc_column][\/vc_row]<\/p>\n<\/div>","protected":false},"excerpt":{"rendered":"<p>[vc_row full_width=&#8221;1&#8243;][vc_column font_color=&#8221;#52810D&#8221;][vc_raw_html]JTNDZGl2JTIwY2xhc3MlM0QlMjJtYXBvdXRlciUyMiUzRSUzQ2RpdiUyMGNsYXNzJTNEJTIyZ21hcF9jYW52YXMlMjIlM0UlM0NpZnJhbWUlMjB3aWR0aCUzRCUyMjEwMCUyNSUyMiUyMGhlaWdodCUzRCUyMjUwMCUyMiUyMGlkJTNEJTIyZ21hcF9jYW52YXMlMjIlMjBzcmMlM0QlMjJodHRwcyUzQSUyRiUyRm1hcHMuZ29vZ2xlLmNvbSUyRm1hcHMlM0ZxJTNEUHJ6ZWRzemtvbGUlMjUyME5yJTI1MjA0OSUyNTIwaW0uJTI1MjBUeXNpJTI1QzQlMjU4NWNsZWNpYSUyNTIwTWlhc3RhJTI1MjBXcm9jJTI1QzUlMjU4MmF3aWElMjUyMHVsLiUyNTIwQm9yb3dza2ElMjUyMDE4MS0xODclMjUyMDUwLTU1MyUyNTIwV3JvYyUyNUM1JTI1ODJhdyUyNnQlM0QlMjZ6JTNEMTMlMjZpZSUzRFVURjglMjZpd2xvYyUzRCUyNm91dHB1dCUzRGVtYmVkJTIyJTIwZnJhbWVib3JkZXIlM0QlMjIwJTIyJTIwc2Nyb2xsaW5nJTNEJTIybm8lMjIlMjBtYXJnaW5oZWlnaHQlM0QlMjIwJTIyJTIwbWFyZ2lud2lkdGglM0QlMjIwJTIyJTNFJTNDJTJGaWZyYW1lJTNFJTNDYSUyMGhyZWYlM0QlMjJodHRwcyUzQSUyRiUyRnd3dy5wdXJlYmxhY2suZGUlMkZnb29nbGUtbWFwcyUyRiUyMiUzRSUzQyUyRmElM0UlM0MlMkZkaXYlM0UlM0NzdHlsZSUzRS5tYXBvdXRlciU3QnRleHQtYWxpZ24lM0FyaWdodCUzQmhlaWdodCUzQTUwMHB4JTNCd2lkdGglM0ExMDAlMjUlM0IlN0QuZ21hcF9jYW52YXMlMjAlN0JvdmVyZmxvdyUzQWhpZGRlbiUzQmJhY2tncm91bmQlM0Fub25lJTIxaW1wb3J0YW50JTNCaGVpZ2h0JTNBNTAwcHglM0J3aWR0aCUzQTEwMCUyNSUzQiU3RCUzQyUyRnN0eWxlJTNFJTNDJTJGZGl2JTNF[\/vc_raw_html][vc_empty_space][\/vc_column][\/vc_row][vc_row][vc_column width=&#8221;1\/2&#8243;][\/vc_column][vc_column width=&#8221;1\/2&#8243;][vc_row_inner][vc_column_inner width=&#8221;1\/4&#8243; css=&#8221;.vc_custom_1451378474576{padding-top: 28px !important;}&#8221;][vc_icon icon_fontawesome=&#8221;fas fa-school&#8221; color=&#8221;custom&#8221; size=&#8221;lg&#8221; align=&#8221;center&#8221; css_animation=&#8221;appear&#8221; custom_color=&#8221;#0336a1&#8243;][\/vc_column_inner][vc_column_inner width=&#8221;3\/4&#8243;][vc_column_text css_animation=&#8221;appear&#8221;]Przedszkole Nr 49\u00a0im. Tysi\u0105clecia Miasta Wroc\u0142awia ul. Borowska 181-187 50-553 Wroc\u0142aw[\/vc_column_text][\/vc_column_inner][\/vc_row_inner][vc_empty_space][vc_row_inner][vc_column_inner width=&#8221;1\/4&#8243;][vc_icon icon_fontawesome=&#8221;far [&hellip;]<\/p>\n","protected":false},"author":72,"featured_media":0,"parent":0,"menu_order":0,"comment_status":"closed","ping_status":"closed","template":"","meta":{"ngg_post_thumbnail":0,"footnotes":""},"class_list":["post-13","page","type-page","status-publish","hentry","clearfix"],"_links":{"self":[{"href":"https:\/\/przedszkole49.edu.wroclaw.pl\/index.php\/wp-json\/wp\/v2\/pages\/13","targetHints":{"allow":["GET"]}}],"collection":[{"href":"https:\/\/przedszkole49.edu.wroclaw.pl\/index.php\/wp-json\/wp\/v2\/pages"}],"about":[{"href":"https:\/\/przedszkole49.edu.wroclaw.pl\/index.php\/wp-json\/wp\/v2\/types\/page"}],"author":[{"embeddable":true,"href":"https:\/\/przedszkole49.edu.wroclaw.pl\/index.php\/wp-json\/wp\/v2\/users\/72"}],"replies":[{"embeddable":true,"href":"https:\/\/przedszkole49.edu.wroclaw.pl\/index.php\/wp-json\/wp\/v2\/comments?post=13"}],"version-history":[{"count":17,"href":"https:\/\/przedszkole49.edu.wroclaw.pl\/index.php\/wp-json\/wp\/v2\/pages\/13\/revisions"}],"predecessor-version":[{"id":10226,"href":"https:\/\/przedszkole49.edu.wroclaw.pl\/index.php\/wp-json\/wp\/v2\/pages\/13\/revisions\/10226"}],"wp:attachment":[{"href":"https:\/\/przedszkole49.edu.wroclaw.pl\/index.php\/wp-json\/wp\/v2\/media?parent=13"}],"curies":[{"name":"wp","href":"https:\/\/api.w.org\/{rel}","templated":true}]}}